{"id":862,"date":"2023-03-14T01:25:09","date_gmt":"2023-03-14T00:25:09","guid":{"rendered":"https:\/\/arquitectura.udd.cl\/cic\/?page_id=862"},"modified":"2023-03-14T01:37:22","modified_gmt":"2023-03-14T00:37:22","slug":"ciudades-circulares-en-america-latina-y-el-caribe","status":"publish","type":"page","link":"https:\/\/arquitectura.udd.cl\/cic\/ciudades-circulares-en-america-latina-y-el-caribe\/","title":{"rendered":"Ciudades Circulares en Am\u00e9rica Latina y el Caribe"},"content":{"rendered":"\n<p class=\"has-large-font-size\">Ciudades Circulares en Am\u00e9rica Latina y el Caribe. <\/p>\n\n\n\n<p class=\"has-medium-font-size\"><strong>Hacia un nuevo paradigma para el desarrollo urbano sostenible.<\/strong><\/p>\n\n\n<section\n\tclass=\"wp-block-udd-text-row block--content-align-right\"\n\t\t>\n\t<div class=\"text-row\">\n\t\t<div class=\"text-row__content\">\n\t\t\t<div class=\"text-row__content-inner text\">\n\t\t\t\t\t\t\t\t\n<p>El documento tiene por objetivo plantear un marco de trabajo para las\u200b \u200bciudades firmantes de la Declaraci\u00f3n de Ciudades Circulares de Am\u00e9rica Latina\u200b \u200by del Caribe, iniciativa liderada por la Comisi\u00f3n Econ\u00f3mica para Am\u00e9rica Latina\u200b \u200by el Caribe (CEPAL) y Enel, como socio estrat\u00e9gico de la iniciativa. La Declaraci\u00f3n\u200b \u200best\u00e1 orientada a promover una acci\u00f3n transformadora del modelo econ\u00f3mico\u200b \u200blineal predominante a nivel de ciudades, ya que las urbes juegan un rol clave\u200b \u200bfrente a los desaf\u00edos\u200b \u200bambientales, econ\u00f3micos y sociales del planeta, estimando\u200b \u200bque concentrar\u00e1n m\u00e1s de dos tercios de la poblaci\u00f3n mundial de aqu\u00ed al 2050\u200b \u200b(Banco Mundial, 2020). A su vez, en las ciudades se generan al menos el 70% de las\u200b \u200bemisiones globales de di\u00f3xido de carbono (CO2), se utilizan el 60% de los recursos\u200b \u200bdisponibles y se producen un 50% de los residuos a nivel global (Naciones Unidas,\u200b \u200b2017).<\/p>\n\t\t\t<\/div>\n\t\t<\/div>\n\t\t<div class=\"text-row__media\">\n\t\t\t<img loading=\"lazy\" decoding=\"async\" width=\"952\" height=\"534\" src=\"https:\/\/arquitectura.udd.cl\/cic\/files\/2023\/01\/ciudadescirculares2022-2301-19-680x382.png\" class=\"text-row__media-image lazyload\" alt=\"\" sizes=\"auto, (max-width: 952px) 100vw, 952px\" data-src=\"https:\/\/arquitectura.udd.cl\/cic\/files\/2023\/01\/ciudadescirculares2022-2301-19-952x534.png\" data-srcset=\"https:\/\/arquitectura.udd.cl\/cic\/files\/2023\/01\/ciudadescirculares2022-2301-19-952x534.png 952w, https:\/\/arquitectura.udd.cl\/cic\/files\/2023\/01\/ciudadescirculares2022-2301-19-1366x768.png 1366w, https:\/\/arquitectura.udd.cl\/cic\/files\/2023\/01\/ciudadescirculares2022-2301-19-680x382.png 680w\" \/>\t\t<\/div>\n\t<\/div>\n<\/section>\n\n\n<section\n\tclass=\"wp-block-udd-text-row\"\n\t\t>\n\t<div class=\"text-row\">\n\t\t<div class=\"text-row__content\">\n\t\t\t<div class=\"text-row__content-inner text\">\n\t\t\t\t\t\t\t\t\n<p>A trav\u00e9s de la Declaraci\u00f3n se propone un nuevo modelo de desarrollo urbano\u200b \u200borientado a \u201cpromover la transici\u00f3n hacia un esquema de econom\u00eda circular, basado\u200b \u200ben insumos de materiales y de energ\u00eda renovables, alargando la vida de los bienes,\u200b \u200bcompartiendo y cerrando ciclos\u201d (Declaraci\u00f3n de Ciudades Circulares de ALC,\u200b \u200b2021). En este documento, se sintetizan los conceptos principales que dan cuenta\u200b \u200bdel significado y el potencial de la circularidad, se presentan casos de proyectos\u200b \u200be implementaci\u00f3n de cadenas de valor circulares que ya se est\u00e1n llevando a cabo\u200b \u200ben las ciudades adheridas de la Declaraci\u00f3n, y se\u200b \u200bproponen l\u00edneas de trabajo para\u200b \u200bavanzar hacia la circularidad, con el objetivo de compartir conocimientos, proveer\u200b \u200bherramientas y ampliar el conocimiento de la ciudadan\u00eda en torno a este concepto.<\/p>\n\t\t\t<\/div>\n\t\t<\/div>\n\t\t<div class=\"text-row__media\">\n\t\t\t<img loading=\"lazy\" decoding=\"async\" width=\"952\" height=\"534\" src=\"https:\/\/arquitectura.udd.cl\/cic\/files\/2023\/01\/ciudadescirculares2022-2301-8-680x382.png\" class=\"text-row__media-image lazyload\" alt=\"\" sizes=\"auto, (max-width: 952px) 100vw, 952px\" data-src=\"https:\/\/arquitectura.udd.cl\/cic\/files\/2023\/01\/ciudadescirculares2022-2301-8-952x534.png\" data-srcset=\"https:\/\/arquitectura.udd.cl\/cic\/files\/2023\/01\/ciudadescirculares2022-2301-8-952x534.png 952w, https:\/\/arquitectura.udd.cl\/cic\/files\/2023\/01\/ciudadescirculares2022-2301-8-1366x768.png 1366w, https:\/\/arquitectura.udd.cl\/cic\/files\/2023\/01\/ciudadescirculares2022-2301-8-680x382.png 680w\" \/>\t\t<\/div>\n\t<\/div>\n<\/section>\n\n\n<!-- WP Block: UDD - Cards Alternate -->\n<section class=\"wp-block-udd-cards\" style=\"--udd-blocks-has-columns-number: 3\">\n\t<div class=\"container\">\n\t\t\t\t\t<header class=\"header__innerblock block__header\">\n\t\t\t\n<h2>L\u00edneas de trabajo<\/h2>\n\t\n\t\n\t<\/header>\n\t\t\t\t<div class=\"block__content\">\n\t\t\t<div class=\"cards cards--listed\">\n\t\t\t\t\t\t\t\t\t\t\t\t\t\t\t\t\t<div class=\"card-wrapper\">\n\t\t\t\t\t\t<div class=\"card\">\n\t\t\t\t\t\t\t<h3 class=\"card__title\"><\/h3>\n\t\t\t\t\t\t\t\t\t\t\t\t\t\t<div class=\"card__description\">\n\t\t\t\t\t\t\t\t<p>Ciudades Circulares: Hacia un nuevo paradigma para el desarrollo urbano<\/p>\n\t\t\t\t\t\t\t<\/div>\n\t\t\t\t\t\t\t\t\t\t\t\t\t<\/div>\n\t\t\t\t\t<\/div>\n\t\t\t\t\t\t\t\t\t\t\t\t\t\t\t\t\t\t\t\t\t<div class=\"card-wrapper\">\n\t\t\t\t\t\t<div class=\"card\">\n\t\t\t\t\t\t\t<h3 class=\"card__title\"><\/h3>\n\t\t\t\t\t\t\t\t\t\t\t\t\t\t<div class=\"card__description\">\n\t\t\t\t\t\t\t\t<p>Primeros pasos: casos de implementaci\u00f3n de circularidad urbana en Am\u00e9rica Latina y el Caribe<\/p>\n\t\t\t\t\t\t\t<\/div>\n\t\t\t\t\t\t\t\t\t\t\t\t\t<\/div>\n\t\t\t\t\t<\/div>\n\t\t\t\t\t\t\t\t\t\t\t\t\t\t\t\t\t\t\t\t\t<div class=\"card-wrapper\">\n\t\t\t\t\t\t<div class=\"card\">\n\t\t\t\t\t\t\t<h3 class=\"card__title\"><\/h3>\n\t\t\t\t\t\t\t\t\t\t\t\t\t\t<div class=\"card__description\">\n\t\t\t\t\t\t\t\t<p>Guidelines: pasos claves para transitar a Ciudades Circulares<\/p>\n\t\t\t\t\t\t\t<\/div>\n\t\t\t\t\t\t\t\t\t\t\t\t\t<\/div>\n\t\t\t\t\t<\/div>\n\t\t\t\t\t\t\t\t\t\t<\/div>\n\t\t<\/div>\n\t<\/div>\n<\/section>\n","protected":false},"excerpt":{"rendered":"<p>Ciudades Circulares en Am\u00e9rica Latina y el Caribe. Hacia un nuevo paradigma para el desarrollo urbano sostenible.<\/p>\n","protected":false},"author":9192204,"featured_media":0,"parent":0,"menu_order":0,"comment_status":"closed","ping_status":"closed","template":"","meta":{"footnotes":""},"class_list":["post-862","page","type-page","status-publish","hentry"],"yoast_head":"<!-- This site is optimized with the Yoast SEO plugin v26.9 - https:\/\/yoast.com\/product\/yoast-seo-wordpress\/ -->\n<title>Ciudades Circulares en Am\u00e9rica Latina y el Caribe - Centro de Innovaci\u00f3n en Ciudades UDD<\/title>\n<meta name=\"robots\" content=\"index, follow, max-snippet:-1, max-image-preview:large, max-video-preview:-1\" \/>\n<link rel=\"canonical\" href=\"https:\/\/arquitectura.udd.cl\/cic\/ciudades-circulares-en-america-latina-y-el-caribe\/\" \/>\n<meta property=\"og:locale\" content=\"es_ES\" \/>\n<meta property=\"og:type\" content=\"article\" \/>\n<meta property=\"og:title\" content=\"Ciudades Circulares en Am\u00e9rica Latina y el Caribe - Centro de Innovaci\u00f3n en Ciudades UDD\" \/>\n<meta property=\"og:description\" content=\"Ciudades Circulares en Am\u00e9rica Latina y el Caribe. Hacia un nuevo paradigma para el desarrollo urbano sostenible.\" \/>\n<meta property=\"og:url\" content=\"https:\/\/arquitectura.udd.cl\/cic\/ciudades-circulares-en-america-latina-y-el-caribe\/\" \/>\n<meta property=\"og:site_name\" content=\"Centro de Innovaci\u00f3n en Ciudades UDD\" \/>\n<meta property=\"article:modified_time\" content=\"2023-03-14T00:37:22+00:00\" \/>\n<meta property=\"og:image\" content=\"https:\/\/arquitectura.udd.cl\/cic\/files\/2023\/01\/ciudadescirculares2022-2301-19.png\" \/>\n<meta name=\"twitter:card\" content=\"summary_large_image\" \/>\n<meta name=\"twitter:label1\" content=\"Tiempo de lectura\" \/>\n\t<meta name=\"twitter:data1\" content=\"2 minutos\" \/>\n<script type=\"application\/ld+json\" class=\"yoast-schema-graph\">{\"@context\":\"https:\/\/schema.org\",\"@graph\":[{\"@type\":\"WebPage\",\"@id\":\"https:\/\/arquitectura.udd.cl\/cic\/ciudades-circulares-en-america-latina-y-el-caribe\/\",\"url\":\"https:\/\/arquitectura.udd.cl\/cic\/ciudades-circulares-en-america-latina-y-el-caribe\/\",\"name\":\"Ciudades Circulares en Am\u00e9rica Latina y el Caribe - Centro de Innovaci\u00f3n en Ciudades UDD\",\"isPartOf\":{\"@id\":\"https:\/\/arquitectura.udd.cl\/cic\/#website\"},\"primaryImageOfPage\":{\"@id\":\"https:\/\/arquitectura.udd.cl\/cic\/ciudades-circulares-en-america-latina-y-el-caribe\/#primaryimage\"},\"image\":{\"@id\":\"https:\/\/arquitectura.udd.cl\/cic\/ciudades-circulares-en-america-latina-y-el-caribe\/#primaryimage\"},\"thumbnailUrl\":\"https:\/\/arquitectura.udd.cl\/cic\/files\/2023\/01\/ciudadescirculares2022-2301-19.png\",\"datePublished\":\"2023-03-14T00:25:09+00:00\",\"dateModified\":\"2023-03-14T00:37:22+00:00\",\"breadcrumb\":{\"@id\":\"https:\/\/arquitectura.udd.cl\/cic\/ciudades-circulares-en-america-latina-y-el-caribe\/#breadcrumb\"},\"inLanguage\":\"es\",\"potentialAction\":[{\"@type\":\"ReadAction\",\"target\":[\"https:\/\/arquitectura.udd.cl\/cic\/ciudades-circulares-en-america-latina-y-el-caribe\/\"]}]},{\"@type\":\"ImageObject\",\"inLanguage\":\"es\",\"@id\":\"https:\/\/arquitectura.udd.cl\/cic\/ciudades-circulares-en-america-latina-y-el-caribe\/#primaryimage\",\"url\":\"https:\/\/arquitectura.udd.cl\/cic\/files\/2023\/01\/ciudadescirculares2022-2301-19.png\",\"contentUrl\":\"https:\/\/arquitectura.udd.cl\/cic\/files\/2023\/01\/ciudadescirculares2022-2301-19.png\",\"width\":1763,\"height\":1727},{\"@type\":\"BreadcrumbList\",\"@id\":\"https:\/\/arquitectura.udd.cl\/cic\/ciudades-circulares-en-america-latina-y-el-caribe\/#breadcrumb\",\"itemListElement\":[{\"@type\":\"ListItem\",\"position\":1,\"name\":\"Portada\",\"item\":\"https:\/\/arquitectura.udd.cl\/cic\/\"},{\"@type\":\"ListItem\",\"position\":2,\"name\":\"Ciudades Circulares en Am\u00e9rica Latina y el Caribe\"}]},{\"@type\":\"WebSite\",\"@id\":\"https:\/\/arquitectura.udd.cl\/cic\/#website\",\"url\":\"https:\/\/arquitectura.udd.cl\/cic\/\",\"name\":\"Centro de Innovaci\u00f3n en Ciudades UDD\",\"description\":\"\",\"inLanguage\":\"es\"}]}<\/script>\n<!-- \/ Yoast SEO plugin. -->","yoast_head_json":{"title":"Ciudades Circulares en Am\u00e9rica Latina y el Caribe - Centro de Innovaci\u00f3n en Ciudades UDD","robots":{"index":"index","follow":"follow","max-snippet":"max-snippet:-1","max-image-preview":"max-image-preview:large","max-video-preview":"max-video-preview:-1"},"canonical":"https:\/\/arquitectura.udd.cl\/cic\/ciudades-circulares-en-america-latina-y-el-caribe\/","og_locale":"es_ES","og_type":"article","og_title":"Ciudades Circulares en Am\u00e9rica Latina y el Caribe - Centro de Innovaci\u00f3n en Ciudades UDD","og_description":"Ciudades Circulares en Am\u00e9rica Latina y el Caribe. Hacia un nuevo paradigma para el desarrollo urbano sostenible.","og_url":"https:\/\/arquitectura.udd.cl\/cic\/ciudades-circulares-en-america-latina-y-el-caribe\/","og_site_name":"Centro de Innovaci\u00f3n en Ciudades UDD","article_modified_time":"2023-03-14T00:37:22+00:00","og_image":[{"url":"https:\/\/arquitectura.udd.cl\/cic\/files\/2023\/01\/ciudadescirculares2022-2301-19.png","type":"","width":"","height":""}],"twitter_card":"summary_large_image","twitter_misc":{"Tiempo de lectura":"2 minutos"},"schema":{"@context":"https:\/\/schema.org","@graph":[{"@type":"WebPage","@id":"https:\/\/arquitectura.udd.cl\/cic\/ciudades-circulares-en-america-latina-y-el-caribe\/","url":"https:\/\/arquitectura.udd.cl\/cic\/ciudades-circulares-en-america-latina-y-el-caribe\/","name":"Ciudades Circulares en Am\u00e9rica Latina y el Caribe - Centro de Innovaci\u00f3n en Ciudades UDD","isPartOf":{"@id":"https:\/\/arquitectura.udd.cl\/cic\/#website"},"primaryImageOfPage":{"@id":"https:\/\/arquitectura.udd.cl\/cic\/ciudades-circulares-en-america-latina-y-el-caribe\/#primaryimage"},"image":{"@id":"https:\/\/arquitectura.udd.cl\/cic\/ciudades-circulares-en-america-latina-y-el-caribe\/#primaryimage"},"thumbnailUrl":"https:\/\/arquitectura.udd.cl\/cic\/files\/2023\/01\/ciudadescirculares2022-2301-19.png","datePublished":"2023-03-14T00:25:09+00:00","dateModified":"2023-03-14T00:37:22+00:00","breadcrumb":{"@id":"https:\/\/arquitectura.udd.cl\/cic\/ciudades-circulares-en-america-latina-y-el-caribe\/#breadcrumb"},"inLanguage":"es","potentialAction":[{"@type":"ReadAction","target":["https:\/\/arquitectura.udd.cl\/cic\/ciudades-circulares-en-america-latina-y-el-caribe\/"]}]},{"@type":"ImageObject","inLanguage":"es","@id":"https:\/\/arquitectura.udd.cl\/cic\/ciudades-circulares-en-america-latina-y-el-caribe\/#primaryimage","url":"https:\/\/arquitectura.udd.cl\/cic\/files\/2023\/01\/ciudadescirculares2022-2301-19.png","contentUrl":"https:\/\/arquitectura.udd.cl\/cic\/files\/2023\/01\/ciudadescirculares2022-2301-19.png","width":1763,"height":1727},{"@type":"BreadcrumbList","@id":"https:\/\/arquitectura.udd.cl\/cic\/ciudades-circulares-en-america-latina-y-el-caribe\/#breadcrumb","itemListElement":[{"@type":"ListItem","position":1,"name":"Portada","item":"https:\/\/arquitectura.udd.cl\/cic\/"},{"@type":"ListItem","position":2,"name":"Ciudades Circulares en Am\u00e9rica Latina y el Caribe"}]},{"@type":"WebSite","@id":"https:\/\/arquitectura.udd.cl\/cic\/#website","url":"https:\/\/arquitectura.udd.cl\/cic\/","name":"Centro de Innovaci\u00f3n en Ciudades UDD","description":"","inLanguage":"es"}]}},"_links":{"self":[{"href":"https:\/\/arquitectura.udd.cl\/cic\/wp-json\/wp\/v2\/pages\/862","targetHints":{"allow":["GET"]}}],"collection":[{"href":"https:\/\/arquitectura.udd.cl\/cic\/wp-json\/wp\/v2\/pages"}],"about":[{"href":"https:\/\/arquitectura.udd.cl\/cic\/wp-json\/wp\/v2\/types\/page"}],"author":[{"embeddable":true,"href":"https:\/\/arquitectura.udd.cl\/cic\/wp-json\/wp\/v2\/users\/9192204"}],"replies":[{"embeddable":true,"href":"https:\/\/arquitectura.udd.cl\/cic\/wp-json\/wp\/v2\/comments?post=862"}],"version-history":[{"count":15,"href":"https:\/\/arquitectura.udd.cl\/cic\/wp-json\/wp\/v2\/pages\/862\/revisions"}],"predecessor-version":[{"id":1289,"href":"https:\/\/arquitectura.udd.cl\/cic\/wp-json\/wp\/v2\/pages\/862\/revisions\/1289"}],"wp:attachment":[{"href":"https:\/\/arquitectura.udd.cl\/cic\/wp-json\/wp\/v2\/media?parent=862"}],"curies":[{"name":"wp","href":"https:\/\/api.w.org\/{rel}","templated":true}]}}