{"id":789,"date":"2023-01-18T16:20:37","date_gmt":"2023-01-18T15:20:37","guid":{"rendered":"https:\/\/arquitectura.udd.cl\/cic\/?page_id=789"},"modified":"2023-01-18T16:29:04","modified_gmt":"2023-01-18T15:29:04","slug":"chile-territorio-futuro","status":"publish","type":"page","link":"https:\/\/arquitectura.udd.cl\/cic\/chile-territorio-futuro\/","title":{"rendered":"Chile Territorio Futuro"},"content":{"rendered":"\n<p>La metodolog\u00eda de&nbsp;<strong>CHILE TERRITORIO FUTURO<\/strong>&nbsp;se enmarca en los estudios de futuros que&nbsp;<strong>identifican, analizan y siguen se\u00f1ales emergentes y tendencias<\/strong>&nbsp;de potenciales cambios para imaginar futuros posibles<\/p>\n\n\n\n<p>Chile Territorio Futuro es una iniciativa impulsada por Fundaci\u00f3n Enel y Universidad del Desarrollo, que abre&nbsp;<strong>espacios de reflexi\u00f3n y di\u00e1logo transversal e interdisciplinar<\/strong>&nbsp;para responder colaborativamente a los desaf\u00edos que el siglo XXI nos pone por delante. Chile Territorio Futuro propone&nbsp;anticiparse al futuro e imaginar y construir&nbsp;<strong>escenarios&nbsp;futuros posibles<\/strong>&nbsp;para nuestro pa\u00eds.<\/p>\n\n\n\n<p class=\"has-large-font-size\"><strong>CINCO DIMENSIONES SOCIALES<\/strong><\/p>\n\n\n\n<p>Estas dimensiones servir\u00e1n como puerta de entrada al complejo ensamblaje de interacciones, entornos y temporalidades que construyen la vida presente y futura. Analizando qu\u00e9 ocurre en las distintas dimensiones se espera encontrar relaciones, impactos, oportunidades y obst\u00e1culos que se visualizan como se\u00f1ales de cambio para el futuro. Las dimensiones que ordenar\u00e1n el trabajo de Chile Territorio Futuro son:<\/p>\n\n\n<section\n\tclass=\"wp-block-udd-text-row block--bg-gray\"\n\t\t>\n\t<div class=\"text-row\">\n\t\t<div class=\"text-row__content\">\n\t\t\t<div class=\"text-row__content-inner text\">\n\t\t\t\t\t\t\t\t<h2>Transici\u00f3n energ\u00e9tica y alimentaria<\/h2>\n\t\t\t\t\t\t\t\t\n<p>La transici\u00f3n energ\u00e9tica y alimentaria como estrategias para el futuro.<\/p>\n\n<p>An\u00e1lisis de las variables en juego en relaci\u00f3n a la necesidad de encontrar y fomentar formas de producir alimentos en un contexto de escasez h\u00eddrica y clima m\u00e1s extremo que afecta ecosistemas terrestres y el oc\u00e9ano; y redefinici\u00f3n de la matriz energ\u00e9tica en funci\u00f3n de una reducci\u00f3n radical de las emisiones de gases de efecto invernadero.<\/p>\n\n<p>Ambos procesos productivos se abordar\u00e1n considerando su ciclo de vida completo, desde los insumos base a operaci\u00f3n y manejo de residuos, tanto en el territorio como en el mar chileno.<\/p>\n\t\t\t<\/div>\n\t\t<\/div>\n\t\t<div class=\"text-row__media\">\n\t\t\t<img loading=\"lazy\" decoding=\"async\" width=\"952\" height=\"534\" src=\"https:\/\/arquitectura.udd.cl\/cic\/files\/2023\/01\/article-media-parco-eolico-680x382.jpg\" class=\"text-row__media-image lazyload\" alt=\"\" sizes=\"auto, (max-width: 952px) 100vw, 952px\" data-src=\"https:\/\/arquitectura.udd.cl\/cic\/files\/2023\/01\/article-media-parco-eolico-952x534.jpg\" data-srcset=\"https:\/\/arquitectura.udd.cl\/cic\/files\/2023\/01\/article-media-parco-eolico-952x534.jpg 952w, https:\/\/arquitectura.udd.cl\/cic\/files\/2023\/01\/article-media-parco-eolico-1366x768.jpg 1366w, https:\/\/arquitectura.udd.cl\/cic\/files\/2023\/01\/article-media-parco-eolico-680x382.jpg 680w\" \/>\t\t<\/div>\n\t<\/div>\n<\/section>\n\n\n<section\n\tclass=\"wp-block-udd-text-row block--content-align-right block--bg-gray\"\n\t\t>\n\t<div class=\"text-row\">\n\t\t<div class=\"text-row__content\">\n\t\t\t<div class=\"text-row__content-inner text\">\n\t\t\t\t\t\t\t\t<h2>Bienestar y Calidad de Vida<\/h2>\n\t\t\t\t\t\t\t\t\n<p>La necesidad de entornos para un mayor bienestar y calidad de vida.<\/p>\n\n<p>Diagn\u00f3stico y s\u00edntesis de las variables que interact\u00faan en la construcci\u00f3n de entornos capaces de generar bienestar, prosperidad y calidad de vida, con un foco en los barrios y la escala local.<\/p>\n\n<p>Definici\u00f3n de un conjunto de acciones transformadoras con potencial de implementaci\u00f3n gradual.<\/p>\n\n<p>100 expertos que nos ayudar\u00e1n a entender las fuerzas modeladoras de cinco dimensiones sociales en transformaci\u00f3n.<\/p>\n\t\t\t<\/div>\n\t\t<\/div>\n\t\t<div class=\"text-row__media\">\n\t\t\t<img loading=\"lazy\" decoding=\"async\" width=\"952\" height=\"534\" src=\"https:\/\/arquitectura.udd.cl\/cic\/files\/2023\/01\/imagen1chtf-300x169.png\" class=\"text-row__media-image lazyload\" alt=\"\" sizes=\"auto, (max-width: 952px) 100vw, 952px\" data-src=\"https:\/\/arquitectura.udd.cl\/cic\/files\/2023\/01\/imagen1chtf-952x534.png\" data-srcset=\"https:\/\/arquitectura.udd.cl\/cic\/files\/2023\/01\/imagen1chtf-952x534.png 952w, https:\/\/arquitectura.udd.cl\/cic\/files\/2023\/01\/imagen1chtf-300x169.png 300w, https:\/\/arquitectura.udd.cl\/cic\/files\/2023\/01\/imagen1chtf-768x432.png 768w, https:\/\/arquitectura.udd.cl\/cic\/files\/2023\/01\/imagen1chtf-680x382.png 680w, https:\/\/arquitectura.udd.cl\/cic\/files\/2023\/01\/imagen1chtf.png 1039w\" \/>\t\t<\/div>\n\t<\/div>\n<\/section>\n\n\n<section\n\tclass=\"wp-block-udd-text-row block--bg-gray\"\n\t\t>\n\t<div class=\"text-row\">\n\t\t<div class=\"text-row__content\">\n\t\t\t<div class=\"text-row__content-inner text\">\n\t\t\t\t\t\t\t\t<h2>Gobernanza y Participaci\u00f3n<\/h2>\n\t\t\t\t\t\t\t\t\n<p>Nuevos modelos de gobernanza y cooperaci\u00f3n para el territorio que incorporen herramientas tecnol\u00f3gicas y digitales.<\/p>\n\n<p>An\u00e1lisis de la situaci\u00f3n actual en Chile abordando las distintas escalas de gobernanza y sistemas de gesti\u00f3n de iniciativa; cambios en los gobiernos regionales, Municipios como principales l\u00edderes locales y ONG\u00b4s y Fundaciones y el rol de las Comunidades organizadas. Con un foco en la capacidad de trabajo y asociatividad p\u00fablico privada (existente y\/o deseada) para llevar adelante iniciativas transformadoras, y los potenciales de incorporaci\u00f3n de pr\u00e1cticas de transparencia que pueda construir confianza.<\/p>\n\t\t\t<\/div>\n\t\t<\/div>\n\t\t<div class=\"text-row__media\">\n\t\t\t<img loading=\"lazy\" decoding=\"async\" width=\"804\" height=\"534\" src=\"https:\/\/arquitectura.udd.cl\/cic\/files\/2023\/01\/imag2-chtf-680x382.jpg\" class=\"text-row__media-image lazyload\" alt=\"\" data-src=\"https:\/\/arquitectura.udd.cl\/cic\/files\/2023\/01\/imag2-chtf-804x534.jpg\" \/>\t\t<\/div>\n\t<\/div>\n<\/section>\n\n\n<section\n\tclass=\"wp-block-udd-text-row block--content-align-right block--bg-gray\"\n\t\t>\n\t<div class=\"text-row\">\n\t\t<div class=\"text-row__content\">\n\t\t\t<div class=\"text-row__content-inner text\">\n\t\t\t\t\t\t\t\t<h2>Nueva normalidad; cambio clim\u00e1tico y riesgo<\/h2>\n\t\t\t\t\t\t\t\t\n<p>Las formas de incorporar el cambio clim\u00e1tico en el an\u00e1lisis y cuantificaci\u00f3n de riesgos a la estabilidad financiera.<\/p>\n\n<p>Incorporar escenarios de cambio clim\u00e1tico para analizar y cuantificar riesgos a la estabilidad financiera; enriquecer el instrumental anal\u00edtico para calibrar la pol\u00edtica monetaria con criterios de sostenibilidad en la estimaci\u00f3n de tendencias de largo plazo.<\/p>\n\t\t\t<\/div>\n\t\t<\/div>\n\t\t<div class=\"text-row__media\">\n\t\t\t<img loading=\"lazy\" decoding=\"async\" width=\"952\" height=\"534\" src=\"https:\/\/arquitectura.udd.cl\/cic\/files\/2023\/01\/img3-cht-680x382.png\" class=\"text-row__media-image lazyload\" alt=\"\" sizes=\"auto, (max-width: 952px) 100vw, 952px\" data-src=\"https:\/\/arquitectura.udd.cl\/cic\/files\/2023\/01\/img3-cht-952x534.png\" data-srcset=\"https:\/\/arquitectura.udd.cl\/cic\/files\/2023\/01\/img3-cht-952x534.png 952w, https:\/\/arquitectura.udd.cl\/cic\/files\/2023\/01\/img3-cht-680x382.png 680w\" \/>\t\t<\/div>\n\t<\/div>\n<\/section>\n\n\n<section\n\tclass=\"wp-block-udd-text-row block--bg-gray\"\n\t\t>\n\t<div class=\"text-row\">\n\t\t<div class=\"text-row__content\">\n\t\t\t<div class=\"text-row__content-inner text\">\n\t\t\t\t\t\t\t\t<h2>Econom\u00eda Circular y Nuevos Modelos de Producci\u00f3n<\/h2>\n\t\t\t\t\t\t\t\t\n<p>Econom\u00eda circular en miras de una productividad sustentable. Estudio de las principales brechas y oportunidades para avanzar hacia sistemas productivos circulares y de cero emisiones netas.<\/p>\n\n<p>Identificar Industrias chilenas con mayor potencial de transformaci\u00f3n e Industrias chilenas con mayor necesidad de transformaci\u00f3n, con foco en el despliegue territorial de los temas relevantes (industrias necesarias para generar el encadenamiento productivo).<\/p>\n\t\t\t<\/div>\n\t\t<\/div>\n\t\t<div class=\"text-row__media\">\n\t\t\t<img loading=\"lazy\" decoding=\"async\" width=\"952\" height=\"534\" src=\"https:\/\/arquitectura.udd.cl\/cic\/files\/2023\/01\/img4-cht-680x382.png\" class=\"text-row__media-image lazyload\" alt=\"\" sizes=\"auto, (max-width: 952px) 100vw, 952px\" data-src=\"https:\/\/arquitectura.udd.cl\/cic\/files\/2023\/01\/img4-cht-952x534.png\" data-srcset=\"https:\/\/arquitectura.udd.cl\/cic\/files\/2023\/01\/img4-cht-952x534.png 952w, https:\/\/arquitectura.udd.cl\/cic\/files\/2023\/01\/img4-cht-680x382.png 680w\" \/>\t\t<\/div>\n\t<\/div>\n<\/section>\n\n\n<!-- WP Block: UDD - Cards Alternate -->\n<section class=\"wp-block-udd-cards\" style=\"--udd-blocks-has-columns-number: 3\">\n\t<div class=\"container\">\n\t\t\t\t\t<header class=\"header__innerblock block__header\">\n\t\t\t<h2 class=\"block__title\">PERSPECTIVA 2050<\/h2>\n\t\n\t\n\t<\/header>\n\t\t\t\t<div class=\"block__content\">\n\t\t\t<div class=\"cards cards--listed\">\n\t\t\t\t\t\t\t\t\t\t\t\t\t\t\t\t\t<div class=\"card-wrapper\">\n\t\t\t\t\t\t<div class=\"card\">\n\t\t\t\t\t\t\t<h3 class=\"card__title\">Visibilizar nuestro presente:<\/h3>\n\t\t\t\t\t\t\t\t\t\t\t\t\t\t<div class=\"card__description\">\n\t\t\t\t\t\t\t\t<p>En un trabajo inicial con 100 expertos en diversas materias, identificaremos las se\u00f1ales emergentes, tendencias y fuerzas de cambio que trazan nuestro presente modelando el futuro.<\/p>\n\t\t\t\t\t\t\t<\/div>\n\t\t\t\t\t\t\t\t\t\t\t\t\t<\/div>\n\t\t\t\t\t<\/div>\n\t\t\t\t\t\t\t\t\t\t\t\t\t\t\t\t\t\t\t\t\t<div class=\"card-wrapper\">\n\t\t\t\t\t\t<div class=\"card\">\n\t\t\t\t\t\t\t<h3 class=\"card__title\">Construir relatos sobre posibles futuros:<\/h3>\n\t\t\t\t\t\t\t\t\t\t\t\t\t\t<div class=\"card__description\">\n\t\t\t\t\t\t\t\t<p>A trav\u00e9s de talleres colaborativos, analizaremos las relaciones entre las fuerzas de cambio para dibujar las alternativas de escenarios posibles.<\/p>\n\t\t\t\t\t\t\t<\/div>\n\t\t\t\t\t\t\t\t\t\t\t\t\t<\/div>\n\t\t\t\t\t<\/div>\n\t\t\t\t\t\t\t\t\t\t\t\t\t\t\t\t\t\t\t\t\t<div class=\"card-wrapper\">\n\t\t\t\t\t\t<div class=\"card\">\n\t\t\t\t\t\t\t<h3 class=\"card__title\">Reflexionar sobre las implicancias de los escenarios futuros:<\/h3>\n\t\t\t\t\t\t\t\t\t\t\t\t\t\t<div class=\"card__description\">\n\t\t\t\t\t\t\t\t<p>A trav\u00e9s de la discusi\u00f3n, indagaremos sobre las implicancias, impactos y\/o consecuencias de la materializaci\u00f3n de cada uno de los escenarios descubiertos para Chile.<\/p>\n\t\t\t\t\t\t\t<\/div>\n\t\t\t\t\t\t\t\t\t\t\t\t\t<\/div>\n\t\t\t\t\t<\/div>\n\t\t\t\t\t\t\t\t\t\t<\/div>\n\t\t<\/div>\n\t<\/div>\n<\/section>\n\n\n<section class=\"wp-block-udd-featured-link\">\n\t<div class=\"container\">\n\t\t<div class=\"featured-link\">\n\t\t\t\t\t\t<div class=\"featured-link__media\">\n\t\t\t<a href=\"https:\/\/chileterritoriofuturo.cl\/100-expertos\/\" data-url=\"https:\/\/chileterritoriofuturo.cl\/100-expertos\/\">\n\t\t\t\t\t<img loading=\"lazy\" decoding=\"async\" width=\"680\" height=\"382\" src=\"https:\/\/arquitectura.udd.cl\/cic\/files\/2023\/01\/chtf-16-noviembre-680x382.png\" class=\"featured-link__media-image lazyload\" alt=\"\" sizes=\"auto, (max-width: 680px) 100vw, 680px\" data-src=\"https:\/\/arquitectura.udd.cl\/cic\/files\/2023\/01\/chtf-16-noviembre-680x382.png\" data-srcset=\"https:\/\/arquitectura.udd.cl\/cic\/files\/2023\/01\/chtf-16-noviembre-680x382.png 680w, https:\/\/arquitectura.udd.cl\/cic\/files\/2023\/01\/chtf-16-noviembre-1920x1080.png 1920w, https:\/\/arquitectura.udd.cl\/cic\/files\/2023\/01\/chtf-16-noviembre-1366x768.png 1366w, https:\/\/arquitectura.udd.cl\/cic\/files\/2023\/01\/chtf-16-noviembre-952x534.png 952w\" \/>\t\t\t\t<\/a>\n\t\t\t<\/div>\n\t\t\t\t\t\t<div class=\"featured-link__content\">\n\t\t\t\t\t\t\t\t\t\t\t\t\t<h3 class=\"featured-link__title\">\n\t\t\t\t\t\t<a data-url=\"https:\/\/chileterritoriofuturo.cl\/100-expertos\/\" href=\"https:\/\/chileterritoriofuturo.cl\/100-expertos\/\">\n\t\t\t\t\t\t\t100 EXPERTOS\/AS VISUALIZANDO ESCENARIOS FUTUROS\t\t\t\t\t\t<\/a>\n\t\t\t\t\t<\/h3>\n\t\t\t\t\t\t\t\t\t\t\t\t\t\t\t\t<p>Los 100 expertos\/as de Chile Territorio Futuro est\u00e1n llamados\/as a reconocer los principales motores de cambio de un territorio abierto a m\u00faltiples posibilidades.<\/p>\n<p>CHILE TERRITORIO FUTURO convoca a 100 expertos tem\u00e1ticos, levantar\u00e1 informaci\u00f3n estad\u00edstica y cualitativa, identificar\u00e1 motores de cambios y analizar\u00e1 distintos escenarios futuros para el pa\u00eds. CHILE TERRITORIO FUTURO es la antesala para poner en marcha fuerzas modeladores de un territorio abierto a m\u00faltiples posibilidades.<\/p>\n\t\t\t\t\t\t\t\t\t\t\t\t<a href=\"https:\/\/chileterritoriofuturo.cl\/100-expertos\/\" data-url=\"https:\/\/chileterritoriofuturo.cl\/100-expertos\/\"\n\t\t\t\t\t class=\"featured-link__more\"\t\t\t\t>\n\t\t\t\t\tM\u00e1s informaci\u00f3n de nuestros expertos y expertas\t\t\t\t<\/a>\n\t\t\t\t\t\t\t<\/div>\n\t\t<\/div>\n\t<\/div>\n<\/section>\n\n\n<!-- WP Block: UDD - Banner -->\n<section class=\"wp-block-udd-banner is-style-default \">\n\t\n<a href=\"https:\/\/chileterritoriofuturo.cl\/\" class=\"banner banner--fullwidth\" data-url=\"https:\/\/chileterritoriofuturo.cl\/\">\n\t\t\t<img loading=\"lazy\" decoding=\"async\" width=\"1920\" height=\"1080\" src=\"https:\/\/arquitectura.udd.cl\/cic\/files\/2023\/01\/opt00026-680x382.jpg\" class=\"banner__image lazyload\" alt=\"\" sizes=\"auto, (max-width: 1920px) 100vw, 1920px\" data-src=\"https:\/\/arquitectura.udd.cl\/cic\/files\/2023\/01\/opt00026-1920x1080.jpg\" data-srcset=\"https:\/\/arquitectura.udd.cl\/cic\/files\/2023\/01\/opt00026-1920x1080.jpg 1920w, https:\/\/arquitectura.udd.cl\/cic\/files\/2023\/01\/opt00026-1366x768.jpg 1366w, https:\/\/arquitectura.udd.cl\/cic\/files\/2023\/01\/opt00026-680x382.jpg 680w\" \/>\t\t<div class=\"banner__content\">\n\t\t<span class=\"banner__title\">P\u00c1GINA CHILE TERRITORIO FUTURO<\/span>\n\t\t<span class=\"banner__description\">Conoce m\u00e1s del proyecto<\/span>\n\t<\/div>\n<\/a>\n<\/section>\n","protected":false},"excerpt":{"rendered":"<p>La metodolog\u00eda de&nbsp;CHILE TERRITORIO FUTURO&nbsp;se enmarca en los estudios de futuros que&nbsp;identifican, analizan y siguen se\u00f1ales emergentes y tendencias&nbsp;de potenciales cambios para imaginar futuros posibles Chile Territorio Futuro es una iniciativa impulsada por Fundaci\u00f3n Enel y Universidad del Desarrollo, que abre&nbsp;espacios de reflexi\u00f3n y di\u00e1logo transversal e interdisciplinar&nbsp;para responder colaborativamente a los desaf\u00edos que el [&hellip;]<\/p>\n","protected":false},"author":9192204,"featured_media":0,"parent":0,"menu_order":0,"comment_status":"closed","ping_status":"closed","template":"","meta":{"footnotes":""},"class_list":["post-789","page","type-page","status-publish","hentry"],"yoast_head":"<!-- This site is optimized with the Yoast SEO plugin v26.9 - https:\/\/yoast.com\/product\/yoast-seo-wordpress\/ -->\n<title>Chile Territorio Futuro - Centro de Innovaci\u00f3n en Ciudades UDD<\/title>\n<meta name=\"robots\" content=\"index, follow, max-snippet:-1, max-image-preview:large, max-video-preview:-1\" \/>\n<link rel=\"canonical\" href=\"https:\/\/arquitectura.udd.cl\/cic\/chile-territorio-futuro\/\" \/>\n<meta property=\"og:locale\" content=\"es_ES\" \/>\n<meta property=\"og:type\" content=\"article\" \/>\n<meta property=\"og:title\" content=\"Chile Territorio Futuro - Centro de Innovaci\u00f3n en Ciudades UDD\" \/>\n<meta property=\"og:description\" content=\"La metodolog\u00eda de&nbsp;CHILE TERRITORIO FUTURO&nbsp;se enmarca en los estudios de futuros que&nbsp;identifican, analizan y siguen se\u00f1ales emergentes y tendencias&nbsp;de potenciales cambios para imaginar futuros posibles Chile Territorio Futuro es una iniciativa impulsada por Fundaci\u00f3n Enel y Universidad del Desarrollo, que abre&nbsp;espacios de reflexi\u00f3n y di\u00e1logo transversal e interdisciplinar&nbsp;para responder colaborativamente a los desaf\u00edos que el [&hellip;]\" \/>\n<meta property=\"og:url\" content=\"https:\/\/arquitectura.udd.cl\/cic\/chile-territorio-futuro\/\" \/>\n<meta property=\"og:site_name\" content=\"Centro de Innovaci\u00f3n en Ciudades UDD\" \/>\n<meta property=\"article:modified_time\" content=\"2023-01-18T15:29:04+00:00\" \/>\n<meta property=\"og:image\" content=\"https:\/\/arquitectura.udd.cl\/cic\/files\/2023\/01\/article-media-parco-eolico.jpg\" \/>\n<meta name=\"twitter:card\" content=\"summary_large_image\" \/>\n<meta name=\"twitter:label1\" content=\"Tiempo de lectura\" \/>\n\t<meta name=\"twitter:data1\" content=\"4 minutos\" \/>\n<script type=\"application\/ld+json\" class=\"yoast-schema-graph\">{\"@context\":\"https:\/\/schema.org\",\"@graph\":[{\"@type\":\"WebPage\",\"@id\":\"https:\/\/arquitectura.udd.cl\/cic\/chile-territorio-futuro\/\",\"url\":\"https:\/\/arquitectura.udd.cl\/cic\/chile-territorio-futuro\/\",\"name\":\"Chile Territorio Futuro - Centro de Innovaci\u00f3n en Ciudades UDD\",\"isPartOf\":{\"@id\":\"https:\/\/arquitectura.udd.cl\/cic\/#website\"},\"primaryImageOfPage\":{\"@id\":\"https:\/\/arquitectura.udd.cl\/cic\/chile-territorio-futuro\/#primaryimage\"},\"image\":{\"@id\":\"https:\/\/arquitectura.udd.cl\/cic\/chile-territorio-futuro\/#primaryimage\"},\"thumbnailUrl\":\"https:\/\/arquitectura.udd.cl\/cic\/files\/2023\/01\/article-media-parco-eolico.jpg\",\"datePublished\":\"2023-01-18T15:20:37+00:00\",\"dateModified\":\"2023-01-18T15:29:04+00:00\",\"breadcrumb\":{\"@id\":\"https:\/\/arquitectura.udd.cl\/cic\/chile-territorio-futuro\/#breadcrumb\"},\"inLanguage\":\"es\",\"potentialAction\":[{\"@type\":\"ReadAction\",\"target\":[\"https:\/\/arquitectura.udd.cl\/cic\/chile-territorio-futuro\/\"]}]},{\"@type\":\"ImageObject\",\"inLanguage\":\"es\",\"@id\":\"https:\/\/arquitectura.udd.cl\/cic\/chile-territorio-futuro\/#primaryimage\",\"url\":\"https:\/\/arquitectura.udd.cl\/cic\/files\/2023\/01\/article-media-parco-eolico.jpg\",\"contentUrl\":\"https:\/\/arquitectura.udd.cl\/cic\/files\/2023\/01\/article-media-parco-eolico.jpg\",\"width\":2400,\"height\":1160},{\"@type\":\"BreadcrumbList\",\"@id\":\"https:\/\/arquitectura.udd.cl\/cic\/chile-territorio-futuro\/#breadcrumb\",\"itemListElement\":[{\"@type\":\"ListItem\",\"position\":1,\"name\":\"Portada\",\"item\":\"https:\/\/arquitectura.udd.cl\/cic\/\"},{\"@type\":\"ListItem\",\"position\":2,\"name\":\"Chile Territorio Futuro\"}]},{\"@type\":\"WebSite\",\"@id\":\"https:\/\/arquitectura.udd.cl\/cic\/#website\",\"url\":\"https:\/\/arquitectura.udd.cl\/cic\/\",\"name\":\"Centro de Innovaci\u00f3n en Ciudades UDD\",\"description\":\"\",\"inLanguage\":\"es\"}]}<\/script>\n<!-- \/ Yoast SEO plugin. -->","yoast_head_json":{"title":"Chile Territorio Futuro - Centro de Innovaci\u00f3n en Ciudades UDD","robots":{"index":"index","follow":"follow","max-snippet":"max-snippet:-1","max-image-preview":"max-image-preview:large","max-video-preview":"max-video-preview:-1"},"canonical":"https:\/\/arquitectura.udd.cl\/cic\/chile-territorio-futuro\/","og_locale":"es_ES","og_type":"article","og_title":"Chile Territorio Futuro - Centro de Innovaci\u00f3n en Ciudades UDD","og_description":"La metodolog\u00eda de&nbsp;CHILE TERRITORIO FUTURO&nbsp;se enmarca en los estudios de futuros que&nbsp;identifican, analizan y siguen se\u00f1ales emergentes y tendencias&nbsp;de potenciales cambios para imaginar futuros posibles Chile Territorio Futuro es una iniciativa impulsada por Fundaci\u00f3n Enel y Universidad del Desarrollo, que abre&nbsp;espacios de reflexi\u00f3n y di\u00e1logo transversal e interdisciplinar&nbsp;para responder colaborativamente a los desaf\u00edos que el [&hellip;]","og_url":"https:\/\/arquitectura.udd.cl\/cic\/chile-territorio-futuro\/","og_site_name":"Centro de Innovaci\u00f3n en Ciudades UDD","article_modified_time":"2023-01-18T15:29:04+00:00","og_image":[{"url":"https:\/\/arquitectura.udd.cl\/cic\/files\/2023\/01\/article-media-parco-eolico.jpg","type":"","width":"","height":""}],"twitter_card":"summary_large_image","twitter_misc":{"Tiempo de lectura":"4 minutos"},"schema":{"@context":"https:\/\/schema.org","@graph":[{"@type":"WebPage","@id":"https:\/\/arquitectura.udd.cl\/cic\/chile-territorio-futuro\/","url":"https:\/\/arquitectura.udd.cl\/cic\/chile-territorio-futuro\/","name":"Chile Territorio Futuro - Centro de Innovaci\u00f3n en Ciudades UDD","isPartOf":{"@id":"https:\/\/arquitectura.udd.cl\/cic\/#website"},"primaryImageOfPage":{"@id":"https:\/\/arquitectura.udd.cl\/cic\/chile-territorio-futuro\/#primaryimage"},"image":{"@id":"https:\/\/arquitectura.udd.cl\/cic\/chile-territorio-futuro\/#primaryimage"},"thumbnailUrl":"https:\/\/arquitectura.udd.cl\/cic\/files\/2023\/01\/article-media-parco-eolico.jpg","datePublished":"2023-01-18T15:20:37+00:00","dateModified":"2023-01-18T15:29:04+00:00","breadcrumb":{"@id":"https:\/\/arquitectura.udd.cl\/cic\/chile-territorio-futuro\/#breadcrumb"},"inLanguage":"es","potentialAction":[{"@type":"ReadAction","target":["https:\/\/arquitectura.udd.cl\/cic\/chile-territorio-futuro\/"]}]},{"@type":"ImageObject","inLanguage":"es","@id":"https:\/\/arquitectura.udd.cl\/cic\/chile-territorio-futuro\/#primaryimage","url":"https:\/\/arquitectura.udd.cl\/cic\/files\/2023\/01\/article-media-parco-eolico.jpg","contentUrl":"https:\/\/arquitectura.udd.cl\/cic\/files\/2023\/01\/article-media-parco-eolico.jpg","width":2400,"height":1160},{"@type":"BreadcrumbList","@id":"https:\/\/arquitectura.udd.cl\/cic\/chile-territorio-futuro\/#breadcrumb","itemListElement":[{"@type":"ListItem","position":1,"name":"Portada","item":"https:\/\/arquitectura.udd.cl\/cic\/"},{"@type":"ListItem","position":2,"name":"Chile Territorio Futuro"}]},{"@type":"WebSite","@id":"https:\/\/arquitectura.udd.cl\/cic\/#website","url":"https:\/\/arquitectura.udd.cl\/cic\/","name":"Centro de Innovaci\u00f3n en Ciudades UDD","description":"","inLanguage":"es"}]}},"_links":{"self":[{"href":"https:\/\/arquitectura.udd.cl\/cic\/wp-json\/wp\/v2\/pages\/789","targetHints":{"allow":["GET"]}}],"collection":[{"href":"https:\/\/arquitectura.udd.cl\/cic\/wp-json\/wp\/v2\/pages"}],"about":[{"href":"https:\/\/arquitectura.udd.cl\/cic\/wp-json\/wp\/v2\/types\/page"}],"author":[{"embeddable":true,"href":"https:\/\/arquitectura.udd.cl\/cic\/wp-json\/wp\/v2\/users\/9192204"}],"replies":[{"embeddable":true,"href":"https:\/\/arquitectura.udd.cl\/cic\/wp-json\/wp\/v2\/comments?post=789"}],"version-history":[{"count":33,"href":"https:\/\/arquitectura.udd.cl\/cic\/wp-json\/wp\/v2\/pages\/789\/revisions"}],"predecessor-version":[{"id":831,"href":"https:\/\/arquitectura.udd.cl\/cic\/wp-json\/wp\/v2\/pages\/789\/revisions\/831"}],"wp:attachment":[{"href":"https:\/\/arquitectura.udd.cl\/cic\/wp-json\/wp\/v2\/media?parent=789"}],"curies":[{"name":"wp","href":"https:\/\/api.w.org\/{rel}","templated":true}]}}