{"id":745,"date":"2023-01-09T16:33:44","date_gmt":"2023-01-09T15:33:44","guid":{"rendered":"https:\/\/arquitectura.udd.cl\/cic\/?page_id=745"},"modified":"2024-09-02T18:42:36","modified_gmt":"2024-09-02T16:42:36","slug":"plataforma-de-compensaciones-para-la-recuperacion-ecologica-y-social-de-los-cerros-isla","status":"publish","type":"page","link":"https:\/\/arquitectura.udd.cl\/cic\/plataforma-de-compensaciones-para-la-recuperacion-ecologica-y-social-de-los-cerros-isla\/","title":{"rendered":"Plataforma de compensaciones para la recuperaci\u00f3n ecol\u00f3gica y social de los Cerros Isla"},"content":{"rendered":"\n<p>Es una <strong>plataforma <\/strong>que canaliza el pago de <strong>compensaciones ambientales<\/strong> a proyectos que tengan por objetivo la recuperaci\u00f3n de las masas vegetacionales de los <strong>cerros isla<\/strong> de Santiago a trav\u00e9s de la implementaci\u00f3n de <strong>proyectos integrales y sustentables<\/strong>. Esto aportar\u00eda en la recuperaci\u00f3n de la <strong>biodiversidad<\/strong> de los cerros, aumentar\u00eda las <strong>\u00e1reas verdes <\/strong>y har\u00eda m\u00e1s fluido el proceso para compensar en cerros isla.<\/p>\n\n\n\n<h3 class=\"wp-block-heading has-medium-font-size\">Objetivo general<\/h3>\n\n\n\n<p>Desarrollar una <strong>plataforma digital<\/strong> que <strong>articule a los diversos actores<\/strong> del actual mercado de <strong>compensaciones ambientales<\/strong> y facilite la canalizaci\u00f3n de las obligaciones ambientales de compensar en la recuperaci\u00f3n y conservaci\u00f3n de los ecosistemas nativos de <strong>tres cerros islas<\/strong>, asegurando su sostenibilidad y promoviendo la futura consolidaci\u00f3n de estos cerros como <strong>parques naturales urbanos<\/strong> para contribuir a mayores niveles de justicia socio-ambiental y resiliencia urbana.<\/p>\n\n\n<!-- WP Block: UDD - Disposable -->\n<section\n\tdata-sps-offset=\"100\"\n\tid=\"udd-disposable--1--745\"\n\tclass=\"wp-block-udd-disposable udd-notice disposable-block \"\n>\n\t<div class=\"container\">\n\t\t<div\n\t\t\tclass=\"udd-notice__header \"\n\t\t\tstyle=\"background-color: \"\n\t\t>\n\t\t\t\t\t\t<span class=\"udd-notice__header-label\">CERROS ISLA<\/span>\n\t\t<\/div>\n\t\t<div\n\t\t\tclass=\"udd-notice__content\"\n\t\t\tstyle=\"background-color: \"\n\t\t>\n\t\t\t<a href=\"https:\/\/www.cerrosisla.cl\/\">VISITA NUESTRA P\u00c1GINA WEB<\/a>\t\t<\/div>\n\t\t\t<\/div>\n<\/section>\n\n\n\n<h3 class=\"wp-block-heading has-medium-font-size\">Objetivos especific\u00f3 <\/h3>\n\n\n\n<p><\/p>\n\n\n<!-- WP Block: UDD - Cards Alternate -->\n<section class=\"wp-block-udd-cards\" style=\"--udd-blocks-has-columns-number: 4\">\n\t<div class=\"container\">\n\t\t\t\t\t\t\t\t\t<div class=\"block__content\">\n\t\t\t<div class=\"cards cards--listed\">\n\t\t\t\t\t\t\t\t\t\t\t\t\t\t\t\t\t<div class=\"card-wrapper\">\n\t\t\t\t\t\t<div class=\"card\">\n\t\t\t\t\t\t\t<h3 class=\"card__title\"><\/h3>\n\t\t\t\t\t\t\t\t\t\t\t\t\t\t<div class=\"card__description\">\n\t\t\t\t\t\t\t\t<p><strong>Informar, vincular y facilitar, <\/strong>mediante la plataforma web PRESCI, la necesidad de <strong>empresas con obligaciones ambientales<\/strong> de compensar junto a la informaci\u00f3n requerida por <strong>consultoras ambientales<\/strong> ejecutoras de las compensaciones y el inter\u00e9s de parte de <strong>propietarios de los cerros.<\/strong>\u00a0<\/p>\n\t\t\t\t\t\t\t<\/div>\n\t\t\t\t\t\t\t\t\t\t\t\t\t<\/div>\n\t\t\t\t\t<\/div>\n\t\t\t\t\t\t\t\t\t\t\t\t\t\t\t\t\t\t\t\t\t<div class=\"card-wrapper\">\n\t\t\t\t\t\t<div class=\"card\">\n\t\t\t\t\t\t\t<h3 class=\"card__title\"><\/h3>\n\t\t\t\t\t\t\t\t\t\t\t\t\t\t<div class=\"card__description\">\n\t\t\t\t\t\t\t\t<p><strong>Planes Maestros Integrales, desarrollar<\/strong> un cat\u00e1logo de <strong>tres proyectos integrales<\/strong> de conservaci\u00f3n ecol\u00f3gica.\u00a0<\/p>\n\t\t\t\t\t\t\t<\/div>\n\t\t\t\t\t\t\t\t\t\t\t\t\t<\/div>\n\t\t\t\t\t<\/div>\n\t\t\t\t\t\t\t\t\t\t\t\t\t\t\t\t\t\t\t\t\t<div class=\"card-wrapper\">\n\t\t\t\t\t\t<div class=\"card\">\n\t\t\t\t\t\t\t<h3 class=\"card__title\"><\/h3>\n\t\t\t\t\t\t\t\t\t\t\t\t\t\t<div class=\"card__description\">\n\t\t\t\t\t\t\t\t<p><strong>Diagn\u00f3sticos Hol\u00edsticos:<\/strong> Ejecuci\u00f3n de asesor\u00edas de expertos para la definici\u00f3n de atributos hidro-socio-ecol\u00f3gicos, normativos y arquitect\u00f3nicos para los tres cerros.\u00a0<\/p>\n\t\t\t\t\t\t\t<\/div>\n\t\t\t\t\t\t\t\t\t\t\t\t\t<\/div>\n\t\t\t\t\t<\/div>\n\t\t\t\t\t\t\t\t\t\t\t\t\t\t\t\t\t\t\t\t\t<div class=\"card-wrapper\">\n\t\t\t\t\t\t<div class=\"card\">\n\t\t\t\t\t\t\t<h3 class=\"card__title\"><\/h3>\n\t\t\t\t\t\t\t\t\t\t\t\t\t\t<div class=\"card__description\">\n\t\t\t\t\t\t\t\t<p><strong>Pre-aprobaci\u00f3n:<\/strong> Presentaci\u00f3n de los planes a las autoridades respectivas para toma de conocimiento y b\u00fasqueda de pre aprobaci\u00f3n.<\/p>\n\t\t\t\t\t\t\t<\/div>\n\t\t\t\t\t\t\t\t\t\t\t\t\t<\/div>\n\t\t\t\t\t<\/div>\n\t\t\t\t\t\t\t\t\t\t<\/div>\n\t\t<\/div>\n\t<\/div>\n<\/section>\n\n\n\n<figure class=\"wp-block-image aligncenter size-large is-resized is-style-rounded\"><img loading=\"lazy\" decoding=\"async\" width=\"1024\" height=\"563\" src=\"https:\/\/arquitectura.udd.cl\/cic\/files\/2023\/01\/4-imag-cerros-isla-1024x563.png\" alt=\"\" class=\"wp-image-784\" style=\"width:768px;height:422px\" srcset=\"https:\/\/arquitectura.udd.cl\/cic\/files\/2023\/01\/4-imag-cerros-isla-1024x563.png 1024w, https:\/\/arquitectura.udd.cl\/cic\/files\/2023\/01\/4-imag-cerros-isla-300x165.png 300w, https:\/\/arquitectura.udd.cl\/cic\/files\/2023\/01\/4-imag-cerros-isla-768x422.png 768w, https:\/\/arquitectura.udd.cl\/cic\/files\/2023\/01\/4-imag-cerros-isla.png 1309w\" sizes=\"auto, (max-width: 1024px) 100vw, 1024px\" \/><\/figure>\n\n\n\n<h3 class=\"wp-block-heading has-medium-font-size\">Parque Natural Urbano<\/h3>\n\n\n\n<p>El parque natural urbano combina elementos de un parque natural y un parque urbano. A diferencia de un parque urbano \u2013que se caracteriza por ser un espacio altamente dise\u00f1ado, manipulado y construido\u2013un parque natural urbano se consolida con la menor cantidad de intervenciones posibles y trabaja con comunidades vegetales por su valor ecol\u00f3gico m\u00e1s que por su valor ornamental con el objetivo de contribuir en la protecci\u00f3n de la naturaleza y el resguardo de la biodiversidad de los territorios. Busca:<\/p>\n\n\n<section class=\"wp-block-udd-text-row block--bg-gray\">\n\t<div class=\"text-row\">\n\t\t<div class=\"text-row__content\">\n\t\t\t<div class=\"text-row__content-inner text\">\n\t\t\t\t\t\t\t\t\n<ul class=\"wp-block-list\" id=\"block-2e0a23be-f8c7-431d-bb7f-adfebf5d3f89\">\n<li>Recuperar la flora y fauna existente,<\/li>\n\n\n\n<li>intervenir a modo de acupuntura<\/li>\n\n\n\n<li>generar accesibilidad al p\u00fablico y a la vez proteger el buen funcionamiento de sus ecosistemas,<\/li>\n\n\n\n<li>generar parques de bajo costo y mantenci\u00f3n con el mayor grado de autosuficiencia posible,<\/li>\n\n\n\n<li>poner en valor su identidad natural y cultural,<\/li>\n\n\n\n<li>guiar un desarrollo por etapas y en el largo plazo,<\/li>\n\n\n\n<li>involucrar a la comunidad en el proceso de transformaci\u00f3n<\/li>\n<\/ul>\n\t\t\t<\/div>\n\t\t<\/div>\n\t\t<div class=\"text-row__media\">\n\t\t\t<img loading=\"lazy\" decoding=\"async\" width=\"952\" height=\"534\" src=\"https:\/\/arquitectura.udd.cl\/cic\/files\/2023\/01\/1-imag-cerros-isla-680x382.png\" class=\"text-row__media-image lazyload\" alt=\"\" sizes=\"auto, (max-width: 952px) 100vw, 952px\" data-src=\"https:\/\/arquitectura.udd.cl\/cic\/files\/2023\/01\/1-imag-cerros-isla-952x534.png\" data-srcset=\"https:\/\/arquitectura.udd.cl\/cic\/files\/2023\/01\/1-imag-cerros-isla-952x534.png 952w, https:\/\/arquitectura.udd.cl\/cic\/files\/2023\/01\/1-imag-cerros-isla-680x382.png 680w\" \/>\t\t<\/div>\n\t<\/div>\n<\/section>\n\n\n\n<h3 class=\"wp-block-heading has-medium-font-size\">Plan Maestro integral<\/h3>\n\n\n\n<p>Consiste en los lineamientos y estrategias fundamentales para la transformaci\u00f3n de un <strong>cerro isla <\/strong>en un <strong>Parque Natural Urbano<\/strong>, el cual contempla el dise\u00f1o, gesti\u00f3n y etapas para su desarrollo y mantenci\u00f3n. <\/p>\n\n\n\n<p class=\"has-medium-font-size\"><strong>Entre sus aspectos se pueden mencionar:<\/strong><\/p>\n\n\n<!-- WP Block: UDD - Cards Alternate -->\n<section class=\"wp-block-udd-cards\" style=\"--udd-blocks-has-columns-number: 4\">\n\t<div class=\"container\">\n\t\t\t\t\t\t\t\t\t<div class=\"block__content\">\n\t\t\t<div class=\"cards cards--listed\">\n\t\t\t\t\t\t\t\t\t\t\t\t\t\t\t\t\t<div class=\"card-wrapper\">\n\t\t\t\t\t\t<div class=\"card\">\n\t\t\t\t\t\t\t<h3 class=\"card__title\"><\/h3>\n\t\t\t\t\t\t\t\t\t\t\t\t\t\t<div class=\"card__description\">\n\t\t\t\t\t\t\t\t<p>Se basa en un diagn\u00f3stico hol\u00edstico del cerro.<\/p>\n\t\t\t\t\t\t\t<\/div>\n\t\t\t\t\t\t\t\t\t\t\t\t\t<\/div>\n\t\t\t\t\t<\/div>\n\t\t\t\t\t\t\t\t\t\t\t\t\t\t\t\t\t\t\t\t\t<div class=\"card-wrapper\">\n\t\t\t\t\t\t<div class=\"card\">\n\t\t\t\t\t\t\t<h3 class=\"card__title\"><\/h3>\n\t\t\t\t\t\t\t\t\t\t\t\t\t\t<div class=\"card__description\">\n\t\t\t\t\t\t\t\t<p>Recoge los proyectos existentes para cada predio del cerro (si los hubiera) y los enmarca dentro de un proyecto mayor.<\/p>\n\t\t\t\t\t\t\t<\/div>\n\t\t\t\t\t\t\t\t\t\t\t\t\t<\/div>\n\t\t\t\t\t<\/div>\n\t\t\t\t\t\t\t\t\t\t\t\t\t\t\t\t\t\t\t\t\t<div class=\"card-wrapper\">\n\t\t\t\t\t\t<div class=\"card\">\n\t\t\t\t\t\t\t<h3 class=\"card__title\"><\/h3>\n\t\t\t\t\t\t\t\t\t\t\t\t\t\t<div class=\"card__description\">\n\t\t\t\t\t\t\t\t<p>Propone un plan de acci\u00f3n en base a etapas que gu\u00eda la recuperaci\u00f3n socio-ecol\u00f3gica del cerro.<\/p>\n\t\t\t\t\t\t\t<\/div>\n\t\t\t\t\t\t\t\t\t\t\t\t\t<\/div>\n\t\t\t\t\t<\/div>\n\t\t\t\t\t\t\t\t\t\t\t\t\t\t\t\t\t\t\t\t\t<div class=\"card-wrapper\">\n\t\t\t\t\t\t<div class=\"card\">\n\t\t\t\t\t\t\t<h3 class=\"card__title\"><\/h3>\n\t\t\t\t\t\t\t\t\t\t\t\t\t\t<div class=\"card__description\">\n\t\t\t\t\t\t\t\t<p>Programa la ejecuci\u00f3n y mantenci\u00f3n en base a planes de compensaci\u00f3n<\/p>\n\t\t\t\t\t\t\t<\/div>\n\t\t\t\t\t\t\t\t\t\t\t\t\t<\/div>\n\t\t\t\t\t<\/div>\n\t\t\t\t\t\t\t\t\t\t<\/div>\n\t\t<\/div>\n\t<\/div>\n<\/section>\n\n\n<section class=\"wp-block-udd-text-row block--content-align-right block--bg-gray\">\n\t<div class=\"text-row\">\n\t\t<div class=\"text-row__content\">\n\t\t\t<div class=\"text-row__content-inner text\">\n\t\t\t\t\t\t\t\t\n<p>Se compone por un <strong>plan maestro de arquitectura y paisaje<\/strong> y de un <strong>plan de restauraci\u00f3n ecol\u00f3gica<\/strong> en base a acciones en tres lineamientos:&nbsp;<\/p>\n\n<p>1) Restauraci\u00f3n y rehabilitaci\u00f3n ambiental&nbsp;<\/p>\n\n<p>2) Protecci\u00f3n, control y vigilancia&nbsp;<\/p>\n\n<p>3) Educaci\u00f3n ambiental&nbsp;<\/p>\n\t\t\t<\/div>\n\t\t<\/div>\n\t\t<div class=\"text-row__media\">\n\t\t\t<img loading=\"lazy\" decoding=\"async\" width=\"952\" height=\"534\" src=\"https:\/\/arquitectura.udd.cl\/cic\/files\/2023\/01\/7-imag-cerros-isla-680x382.png\" class=\"text-row__media-image lazyload\" alt=\"\" sizes=\"auto, (max-width: 952px) 100vw, 952px\" data-src=\"https:\/\/arquitectura.udd.cl\/cic\/files\/2023\/01\/7-imag-cerros-isla-952x534.png\" data-srcset=\"https:\/\/arquitectura.udd.cl\/cic\/files\/2023\/01\/7-imag-cerros-isla-952x534.png 952w, https:\/\/arquitectura.udd.cl\/cic\/files\/2023\/01\/7-imag-cerros-isla-680x382.png 680w\" \/>\t\t<\/div>\n\t<\/div>\n<\/section>\n\n\n\n<h2 class=\"wp-block-heading has-medium-font-size\">Diagn\u00f3stico Hol\u00edstico<\/h2>\n\n\n\n<p>Consiste en la comprensi\u00f3n global del cerro. Examina y sintetiza en planimetr\u00edas e informes la situaci\u00f3n actual del cerro y de su contexto. Contempla los siguientes levantamientos y\/o estudios:<\/p>\n\n\n\n<ul class=\"wp-block-list\">\n<li>Levantamiento topogr\u00e1fico.<\/li>\n<\/ul>\n\n\n\n<ul class=\"wp-block-list\">\n<li>Levantamiento y an\u00e1lisis de preexistencias del cerro. (senderos, huellas, canales, construcciones, infraestructuras, proyectos existentes).<\/li>\n<\/ul>\n\n\n\n<ul class=\"wp-block-list\">\n<li>Estudio hist\u00f3rico y cultural.<\/li>\n<\/ul>\n\n\n\n<ul class=\"wp-block-list\">\n<li>Levantamiento de actores y\/o instituciones vinculadas.<\/li>\n<\/ul>\n\n\n\n<ul class=\"wp-block-list\">\n<li>Estudio normativo y urbano del cerro.<\/li>\n<\/ul>\n\n\n\n<ul class=\"wp-block-list\">\n<li>Estudio orogr\u00e1fico del cerro (jerarqu\u00eda de drenaje, escorrent\u00edas, asoleamiento, pendiente).<\/li>\n<\/ul>\n\n\n\n<ul class=\"wp-block-list\">\n<li>Estudio ambiental (caracterizaci\u00f3n de comunidades vegetales, caracterizaci\u00f3n de fauna, diagn\u00f3stico del estado de los ecosistemas).<\/li>\n<\/ul>\n\n\n\n<ul class=\"wp-block-list\">\n<li>Estudio de propiedad. Reconocimiento de l\u00edmites prediales y propietarios del cerro.<\/li>\n<\/ul>\n\n\n\n<figure class=\"wp-block-image aligncenter size-large is-resized is-style-default\"><img loading=\"lazy\" decoding=\"async\" width=\"1024\" height=\"766\" src=\"https:\/\/arquitectura.udd.cl\/cic\/files\/2023\/01\/8-imag-cerros-isla-1024x766.png\" alt=\"\" class=\"wp-image-782\" style=\"width:768px;height:575px\" srcset=\"https:\/\/arquitectura.udd.cl\/cic\/files\/2023\/01\/8-imag-cerros-isla-1024x766.png 1024w, https:\/\/arquitectura.udd.cl\/cic\/files\/2023\/01\/8-imag-cerros-isla-300x225.png 300w, https:\/\/arquitectura.udd.cl\/cic\/files\/2023\/01\/8-imag-cerros-isla-768x575.png 768w, https:\/\/arquitectura.udd.cl\/cic\/files\/2023\/01\/8-imag-cerros-isla-1536x1150.png 1536w, https:\/\/arquitectura.udd.cl\/cic\/files\/2023\/01\/8-imag-cerros-isla.png 1777w\" sizes=\"auto, (max-width: 1024px) 100vw, 1024px\" \/><\/figure>\n\n\n\n<p class=\"has-small-font-size\"><em>Iniciativa financiada por el Fondo de Innovaci\u00f3n para la Competitividad del Gobierno Regional Metropolitano<\/em><\/p>\n","protected":false},"excerpt":{"rendered":"<p>Es una plataforma que canaliza el pago de compensaciones ambientales a proyectos que tengan por objetivo la recuperaci\u00f3n de las masas vegetacionales de los cerros isla de Santiago a trav\u00e9s de la implementaci\u00f3n de proyectos integrales y sustentables. Esto aportar\u00eda en la recuperaci\u00f3n de la biodiversidad de los cerros, aumentar\u00eda las \u00e1reas verdes y har\u00eda [&hellip;]<\/p>\n","protected":false},"author":9192204,"featured_media":0,"parent":0,"menu_order":0,"comment_status":"closed","ping_status":"closed","template":"","meta":{"footnotes":""},"class_list":["post-745","page","type-page","status-publish","hentry"],"yoast_head":"<!-- This site is optimized with the Yoast SEO plugin v26.9 - https:\/\/yoast.com\/product\/yoast-seo-wordpress\/ -->\n<title>Plataforma de compensaciones para la recuperaci\u00f3n ecol\u00f3gica y social de los Cerros Isla - Centro de Innovaci\u00f3n en Ciudades UDD<\/title>\n<meta name=\"robots\" content=\"index, follow, max-snippet:-1, max-image-preview:large, max-video-preview:-1\" \/>\n<link rel=\"canonical\" href=\"https:\/\/arquitectura.udd.cl\/cic\/plataforma-de-compensaciones-para-la-recuperacion-ecologica-y-social-de-los-cerros-isla\/\" \/>\n<meta property=\"og:locale\" content=\"es_ES\" \/>\n<meta property=\"og:type\" content=\"article\" \/>\n<meta property=\"og:title\" content=\"Plataforma de compensaciones para la recuperaci\u00f3n ecol\u00f3gica y social de los Cerros Isla - Centro de Innovaci\u00f3n en Ciudades UDD\" \/>\n<meta property=\"og:description\" content=\"Es una plataforma que canaliza el pago de compensaciones ambientales a proyectos que tengan por objetivo la recuperaci\u00f3n de las masas vegetacionales de los cerros isla de Santiago a trav\u00e9s de la implementaci\u00f3n de proyectos integrales y sustentables. Esto aportar\u00eda en la recuperaci\u00f3n de la biodiversidad de los cerros, aumentar\u00eda las \u00e1reas verdes y har\u00eda [&hellip;]\" \/>\n<meta property=\"og:url\" content=\"https:\/\/arquitectura.udd.cl\/cic\/plataforma-de-compensaciones-para-la-recuperacion-ecologica-y-social-de-los-cerros-isla\/\" \/>\n<meta property=\"og:site_name\" content=\"Centro de Innovaci\u00f3n en Ciudades UDD\" \/>\n<meta property=\"article:modified_time\" content=\"2024-09-02T16:42:36+00:00\" \/>\n<meta property=\"og:image\" content=\"https:\/\/arquitectura.udd.cl\/cic\/files\/2023\/01\/4-imag-cerros-isla-1024x563.png\" \/>\n<meta name=\"twitter:card\" content=\"summary_large_image\" \/>\n<meta name=\"twitter:label1\" content=\"Tiempo de lectura\" \/>\n\t<meta name=\"twitter:data1\" content=\"3 minutos\" \/>\n<script type=\"application\/ld+json\" class=\"yoast-schema-graph\">{\"@context\":\"https:\/\/schema.org\",\"@graph\":[{\"@type\":\"WebPage\",\"@id\":\"https:\/\/arquitectura.udd.cl\/cic\/plataforma-de-compensaciones-para-la-recuperacion-ecologica-y-social-de-los-cerros-isla\/\",\"url\":\"https:\/\/arquitectura.udd.cl\/cic\/plataforma-de-compensaciones-para-la-recuperacion-ecologica-y-social-de-los-cerros-isla\/\",\"name\":\"Plataforma de compensaciones para la recuperaci\u00f3n ecol\u00f3gica y social de los Cerros Isla - Centro de Innovaci\u00f3n en Ciudades UDD\",\"isPartOf\":{\"@id\":\"https:\/\/arquitectura.udd.cl\/cic\/#website\"},\"primaryImageOfPage\":{\"@id\":\"https:\/\/arquitectura.udd.cl\/cic\/plataforma-de-compensaciones-para-la-recuperacion-ecologica-y-social-de-los-cerros-isla\/#primaryimage\"},\"image\":{\"@id\":\"https:\/\/arquitectura.udd.cl\/cic\/plataforma-de-compensaciones-para-la-recuperacion-ecologica-y-social-de-los-cerros-isla\/#primaryimage\"},\"thumbnailUrl\":\"https:\/\/arquitectura.udd.cl\/cic\/files\/2023\/01\/4-imag-cerros-isla-1024x563.png\",\"datePublished\":\"2023-01-09T15:33:44+00:00\",\"dateModified\":\"2024-09-02T16:42:36+00:00\",\"breadcrumb\":{\"@id\":\"https:\/\/arquitectura.udd.cl\/cic\/plataforma-de-compensaciones-para-la-recuperacion-ecologica-y-social-de-los-cerros-isla\/#breadcrumb\"},\"inLanguage\":\"es\",\"potentialAction\":[{\"@type\":\"ReadAction\",\"target\":[\"https:\/\/arquitectura.udd.cl\/cic\/plataforma-de-compensaciones-para-la-recuperacion-ecologica-y-social-de-los-cerros-isla\/\"]}]},{\"@type\":\"ImageObject\",\"inLanguage\":\"es\",\"@id\":\"https:\/\/arquitectura.udd.cl\/cic\/plataforma-de-compensaciones-para-la-recuperacion-ecologica-y-social-de-los-cerros-isla\/#primaryimage\",\"url\":\"https:\/\/arquitectura.udd.cl\/cic\/files\/2023\/01\/4-imag-cerros-isla.png\",\"contentUrl\":\"https:\/\/arquitectura.udd.cl\/cic\/files\/2023\/01\/4-imag-cerros-isla.png\",\"width\":1309,\"height\":720},{\"@type\":\"BreadcrumbList\",\"@id\":\"https:\/\/arquitectura.udd.cl\/cic\/plataforma-de-compensaciones-para-la-recuperacion-ecologica-y-social-de-los-cerros-isla\/#breadcrumb\",\"itemListElement\":[{\"@type\":\"ListItem\",\"position\":1,\"name\":\"Portada\",\"item\":\"https:\/\/arquitectura.udd.cl\/cic\/\"},{\"@type\":\"ListItem\",\"position\":2,\"name\":\"Plataforma de compensaciones para la recuperaci\u00f3n ecol\u00f3gica y social de los Cerros Isla\"}]},{\"@type\":\"WebSite\",\"@id\":\"https:\/\/arquitectura.udd.cl\/cic\/#website\",\"url\":\"https:\/\/arquitectura.udd.cl\/cic\/\",\"name\":\"Centro de Innovaci\u00f3n en Ciudades UDD\",\"description\":\"\",\"inLanguage\":\"es\"}]}<\/script>\n<!-- \/ Yoast SEO plugin. -->","yoast_head_json":{"title":"Plataforma de compensaciones para la recuperaci\u00f3n ecol\u00f3gica y social de los Cerros Isla - Centro de Innovaci\u00f3n en Ciudades UDD","robots":{"index":"index","follow":"follow","max-snippet":"max-snippet:-1","max-image-preview":"max-image-preview:large","max-video-preview":"max-video-preview:-1"},"canonical":"https:\/\/arquitectura.udd.cl\/cic\/plataforma-de-compensaciones-para-la-recuperacion-ecologica-y-social-de-los-cerros-isla\/","og_locale":"es_ES","og_type":"article","og_title":"Plataforma de compensaciones para la recuperaci\u00f3n ecol\u00f3gica y social de los Cerros Isla - Centro de Innovaci\u00f3n en Ciudades UDD","og_description":"Es una plataforma que canaliza el pago de compensaciones ambientales a proyectos que tengan por objetivo la recuperaci\u00f3n de las masas vegetacionales de los cerros isla de Santiago a trav\u00e9s de la implementaci\u00f3n de proyectos integrales y sustentables. Esto aportar\u00eda en la recuperaci\u00f3n de la biodiversidad de los cerros, aumentar\u00eda las \u00e1reas verdes y har\u00eda [&hellip;]","og_url":"https:\/\/arquitectura.udd.cl\/cic\/plataforma-de-compensaciones-para-la-recuperacion-ecologica-y-social-de-los-cerros-isla\/","og_site_name":"Centro de Innovaci\u00f3n en Ciudades UDD","article_modified_time":"2024-09-02T16:42:36+00:00","og_image":[{"url":"https:\/\/arquitectura.udd.cl\/cic\/files\/2023\/01\/4-imag-cerros-isla-1024x563.png","type":"","width":"","height":""}],"twitter_card":"summary_large_image","twitter_misc":{"Tiempo de lectura":"3 minutos"},"schema":{"@context":"https:\/\/schema.org","@graph":[{"@type":"WebPage","@id":"https:\/\/arquitectura.udd.cl\/cic\/plataforma-de-compensaciones-para-la-recuperacion-ecologica-y-social-de-los-cerros-isla\/","url":"https:\/\/arquitectura.udd.cl\/cic\/plataforma-de-compensaciones-para-la-recuperacion-ecologica-y-social-de-los-cerros-isla\/","name":"Plataforma de compensaciones para la recuperaci\u00f3n ecol\u00f3gica y social de los Cerros Isla - Centro de Innovaci\u00f3n en Ciudades UDD","isPartOf":{"@id":"https:\/\/arquitectura.udd.cl\/cic\/#website"},"primaryImageOfPage":{"@id":"https:\/\/arquitectura.udd.cl\/cic\/plataforma-de-compensaciones-para-la-recuperacion-ecologica-y-social-de-los-cerros-isla\/#primaryimage"},"image":{"@id":"https:\/\/arquitectura.udd.cl\/cic\/plataforma-de-compensaciones-para-la-recuperacion-ecologica-y-social-de-los-cerros-isla\/#primaryimage"},"thumbnailUrl":"https:\/\/arquitectura.udd.cl\/cic\/files\/2023\/01\/4-imag-cerros-isla-1024x563.png","datePublished":"2023-01-09T15:33:44+00:00","dateModified":"2024-09-02T16:42:36+00:00","breadcrumb":{"@id":"https:\/\/arquitectura.udd.cl\/cic\/plataforma-de-compensaciones-para-la-recuperacion-ecologica-y-social-de-los-cerros-isla\/#breadcrumb"},"inLanguage":"es","potentialAction":[{"@type":"ReadAction","target":["https:\/\/arquitectura.udd.cl\/cic\/plataforma-de-compensaciones-para-la-recuperacion-ecologica-y-social-de-los-cerros-isla\/"]}]},{"@type":"ImageObject","inLanguage":"es","@id":"https:\/\/arquitectura.udd.cl\/cic\/plataforma-de-compensaciones-para-la-recuperacion-ecologica-y-social-de-los-cerros-isla\/#primaryimage","url":"https:\/\/arquitectura.udd.cl\/cic\/files\/2023\/01\/4-imag-cerros-isla.png","contentUrl":"https:\/\/arquitectura.udd.cl\/cic\/files\/2023\/01\/4-imag-cerros-isla.png","width":1309,"height":720},{"@type":"BreadcrumbList","@id":"https:\/\/arquitectura.udd.cl\/cic\/plataforma-de-compensaciones-para-la-recuperacion-ecologica-y-social-de-los-cerros-isla\/#breadcrumb","itemListElement":[{"@type":"ListItem","position":1,"name":"Portada","item":"https:\/\/arquitectura.udd.cl\/cic\/"},{"@type":"ListItem","position":2,"name":"Plataforma de compensaciones para la recuperaci\u00f3n ecol\u00f3gica y social de los Cerros Isla"}]},{"@type":"WebSite","@id":"https:\/\/arquitectura.udd.cl\/cic\/#website","url":"https:\/\/arquitectura.udd.cl\/cic\/","name":"Centro de Innovaci\u00f3n en Ciudades UDD","description":"","inLanguage":"es"}]}},"_links":{"self":[{"href":"https:\/\/arquitectura.udd.cl\/cic\/wp-json\/wp\/v2\/pages\/745","targetHints":{"allow":["GET"]}}],"collection":[{"href":"https:\/\/arquitectura.udd.cl\/cic\/wp-json\/wp\/v2\/pages"}],"about":[{"href":"https:\/\/arquitectura.udd.cl\/cic\/wp-json\/wp\/v2\/types\/page"}],"author":[{"embeddable":true,"href":"https:\/\/arquitectura.udd.cl\/cic\/wp-json\/wp\/v2\/users\/9192204"}],"replies":[{"embeddable":true,"href":"https:\/\/arquitectura.udd.cl\/cic\/wp-json\/wp\/v2\/comments?post=745"}],"version-history":[{"count":27,"href":"https:\/\/arquitectura.udd.cl\/cic\/wp-json\/wp\/v2\/pages\/745\/revisions"}],"predecessor-version":[{"id":1591,"href":"https:\/\/arquitectura.udd.cl\/cic\/wp-json\/wp\/v2\/pages\/745\/revisions\/1591"}],"wp:attachment":[{"href":"https:\/\/arquitectura.udd.cl\/cic\/wp-json\/wp\/v2\/media?parent=745"}],"curies":[{"name":"wp","href":"https:\/\/api.w.org\/{rel}","templated":true}]}}