{"id":423,"date":"2021-12-23T16:32:44","date_gmt":"2021-12-23T15:32:44","guid":{"rendered":"https:\/\/arquitectura.udd.cl\/cic\/?page_id=423"},"modified":"2023-03-14T00:28:55","modified_gmt":"2023-03-13T23:28:55","slug":"desafio-bio-bio","status":"publish","type":"page","link":"https:\/\/arquitectura.udd.cl\/cic\/desafio-bio-bio\/","title":{"rendered":"Desaf\u00edo Bio Bio"},"content":{"rendered":"\n<h2 class=\"wp-block-heading\">Desafio Bio Bio: Grandes ideas para una ciudad inteligente<\/h2>\n\n\n<section\n\tclass=\"wp-block-udd-text-row\"\n\t\t>\n\t<div class=\"text-row\">\n\t\t<div class=\"text-row__content\">\n\t\t\t<div class=\"text-row__content-inner text\">\n\t\t\t\t\t\t\t\t\n<p> <em>Desaf\u00edo Biobio es una iniciativa financiada por un FIC del Gobierno Regional, que busca convocar a las PYMES TIC de la regi\u00f3n para desarrollar soluciones en el \u00e1mbito de Ciudades Inteligentes, en un proceso que incorpora a la ciudadan\u00eda para definir 3 propuestas ganadoras, las cuales obtienen financiamiento y desarrollan sus propuestas con acompa\u00f1amiento del CIC UDD. <\/em> <\/p>\n\n<p>  El Centro de Innovaci\u00f3n en Ciudades UDD, financiado por fondo de innovaci\u00f3n y conectividad de la regi\u00f3n del Biobio (FIC Biobio) junto a colaboradores como Chiletec, Fundacion Pais Digital y Girls in Tech, est\u00e1 desarrollando esta iniciativa orientada a mejorar la calidad de vida en la ciudad a trav\u00e9s de soluciones en el \u00e1mbito de Smart Cities. Al menos 35 Peque\u00f1as y medianas empresas del sector TIC y desarrolladoras de software de la regi\u00f3n del Bio Bio han participado en actividades del proyecto. Actualmente los 3 proyectos ganadores est\u00e1n desarrollando sus propuestas para ponerlas a disposici\u00f3n de los habitantes del Gran Concepci\u00f3n.  <\/p>\n\t\t\t<\/div>\n\t\t<\/div>\n\t\t<div class=\"text-row__media\">\n\t\t\t<img loading=\"lazy\" decoding=\"async\" width=\"491\" height=\"374\" src=\"https:\/\/arquitectura.udd.cl\/cic\/files\/2023\/03\/desafiobio1.jpg\" class=\"text-row__media-image lazyload\" alt=\"\" sizes=\"auto, (max-width: 491px) 100vw, 491px\" data-src=\"https:\/\/arquitectura.udd.cl\/cic\/files\/2023\/03\/desafiobio1.jpg\" data-srcset=\"https:\/\/arquitectura.udd.cl\/cic\/files\/2023\/03\/desafiobio1.jpg 491w, https:\/\/arquitectura.udd.cl\/cic\/files\/2023\/03\/desafiobio1-300x229.jpg 300w, https:\/\/arquitectura.udd.cl\/cic\/files\/2023\/03\/desafiobio1-182x140.jpg 182w\" \/>\t\t<\/div>\n\t<\/div>\n<\/section>\n\n\n<section\n\tclass=\"wp-block-udd-text-row block--content-align-right\"\n\t\t>\n\t<div class=\"text-row\">\n\t\t<div class=\"text-row__content\">\n\t\t\t<div class=\"text-row__content-inner text\">\n\t\t\t\t\t\t\t\t\n<p> Hoy en d\u00eda existe un enorme potencial de conocimiento y capacidades de creaci\u00f3n en las peque\u00f1as y medianas empresas que desarrollan tecnolog\u00eda, y paralelamente nos enfrentamos a desaf\u00edos urbanos, metropolitanos y regionales cada vez m\u00e1s complejos. Esta iniciativa est\u00e1 orientada a focalizar el conocimiento y capacidades del grupo objetivo (Pymes TIC) en el an\u00e1lisis de nuevas soluciones que permitan mejorar la calidad de vida en los asentamientos humanos de la regi\u00f3n. A su vez busca fortalecer y entregar nuevas herramientas para apoyar la obtenci\u00f3n y aplicaci\u00f3n de nuevos conocimientos en el trabajo de las Pymes, la cooperaci\u00f3n entre empresas del rubro y el desarrollo de herramientas digitales innovadoras. <\/p>\n\n<p> Son tiempos de aprovechar las oportunidades existentes y sacarle el mejor partido posible a tecnolog\u00edas que puedan desempe\u00f1ar un papel clave en ayudar a la Regi\u00f3n del Bio Bio a ser m\u00e1s inteligente. Siendo Gran Concepci\u00f3n una de las \u00e1reas metropolitanas m\u00e1s importantes de Chile, tiene la escala y la complejidad para beneficiarse de la introducci\u00f3n nuevas soluciones y propuestas que permitan mejorar la calidad de vida de sus ciudadanos y visitantes, en un espacio en el cual las Pymes TIC pueden capitalizar la creciente demanda de tecnolog\u00eda inteligente. <\/p>\n\t\t\t<\/div>\n\t\t<\/div>\n\t\t<div class=\"text-row__media\">\n\t\t\t<img loading=\"lazy\" decoding=\"async\" width=\"952\" height=\"534\" src=\"https:\/\/arquitectura.udd.cl\/cic\/files\/2023\/03\/desafiobio3-680x382.jpg\" class=\"text-row__media-image lazyload\" alt=\"\" sizes=\"auto, (max-width: 952px) 100vw, 952px\" data-src=\"https:\/\/arquitectura.udd.cl\/cic\/files\/2023\/03\/desafiobio3-952x534.jpg\" data-srcset=\"https:\/\/arquitectura.udd.cl\/cic\/files\/2023\/03\/desafiobio3-952x534.jpg 952w, https:\/\/arquitectura.udd.cl\/cic\/files\/2023\/03\/desafiobio3-680x382.jpg 680w\" \/>\t\t<\/div>\n\t<\/div>\n<\/section>\n\n\n\n<p> Luego de analizar propuestas se opta, mediante una votaci\u00f3n, priorizar 5 \u00e1reas o desaf\u00edos prioritarios en la regi\u00f3n <\/p>\n\n\n\n<ul class=\"wp-block-list\"><li> Congesti\u00f3n<\/li><li> Inclusividad<\/li><li> Reciclaje y reutilizaci\u00f3n<\/li><li> Intermodalidad<\/li><li> Delincuencia<\/li><\/ul>\n\n\n\n<p>15 empresas participaron de la iniciativa, el cual incluy\u00f3 meses\nde capacitaci\u00f3n frente a la ideaci\u00f3n y desarrollos de cada proyecto. Luego de\npresentar sus ideas estas fueron evaluadas, las cuales solo quedaron 6 empresas\nen pie. Estos debieron desarrollar en mayor detalle su idea, en el cual se\nexigi\u00f3 un video explicativo de la propuesta dada.<\/p>\n\n\n\n<p>Mediante votos de la ciudadan\u00eda a trav\u00e9s de la p\u00e1gina web\ncorrespondiente al Desaf\u00edo Biob\u00edo y el an\u00e1lisis de un panel de expertos se ha\nllegado a la selecci\u00f3n de 3 propuestas ganadoras, las cuales se llevar\u00e1n a cabo\ncon un fondo de 20 millones de pesos junto a CIC UDD, y as\u00ed poder responder de\nmanera adecuada a los desaf\u00edos urbanos de la Gran Concepci\u00f3n.<\/p>\n\n\n<!-- WP Block: UDD - Cards Alternate -->\n<section class=\"wp-block-udd-cards\" style=\"--udd-blocks-has-columns-number: 6\">\n\t<div class=\"container\">\n\t\t\t\t\t\t\t\t\t<div class=\"block__content\">\n\t\t\t<div class=\"cards\">\n\t\t\t\t\t\t\t\t\t\t\t\t\t\t\t\t\t<div class=\"card-wrapper\">\n\t\t\t\t\t\t<div class=\"card\">\n\t\t\t\t\t\t\t<h3 class=\"card__title\">MIRA<\/h3>\n\t\t\t\t\t\t\t\t\t\t\t\t\t\t<div class=\"card__description\">\n\t\t\t\t\t\t\t\t<p>La primera aplicaci\u00f3n colaborativa para compartir y obtener evidencias y testigos de delitos, promoviendo el autocuidado en la sociedad.\u00a0 <\/p>\n\t\t\t\t\t\t\t<\/div>\n\t\t\t\t\t\t\t\t\t\t\t\t\t<\/div>\n\t\t\t\t\t<\/div>\n\t\t\t\t\t\t\t\t\t\t\t\t\t\t\t\t\t\t\t\t\t<div class=\"card-wrapper\">\n\t\t\t\t\t\t<div class=\"card\">\n\t\t\t\t\t\t\t<h3 class=\"card__title\">TRASAT GO<\/h3>\n\t\t\t\t\t\t\t\t\t\t\t\t\t\t<div class=\"card__description\">\n\t\t\t\t\t\t\t\t<p>La soluci\u00f3n que protege veh\u00edculos ante un robo que desde cualquier dispositivo m\u00f3vil apaga el motor a distancia y activa el aviso de robo a Carabineros y Seguridad Municipal.<\/p>\n\t\t\t\t\t\t\t<\/div>\n\t\t\t\t\t\t\t\t\t\t\t\t\t<\/div>\n\t\t\t\t\t<\/div>\n\t\t\t\t\t\t\t\t\t\t\t\t\t\t\t\t\t\t\t\t\t<div class=\"card-wrapper\">\n\t\t\t\t\t\t<div class=\"card\">\n\t\t\t\t\t\t\t<h3 class=\"card__title\">MAPPITA<\/h3>\n\t\t\t\t\t\t\t\t\t\t\t\t\t\t<div class=\"card__description\">\n\t\t\t\t\t\t\t\t<p>Soluci\u00f3n orientada a gente mayor que no han adoptado del todo las nuevas tecnolog\u00edas, turistas o reci\u00e9n llegados, que ofrece un mapa esquem\u00e1tico, dispensado por t\u00f3tems distribuidos.<\/p>\n\t\t\t\t\t\t\t<\/div>\n\t\t\t\t\t\t\t\t\t\t\t\t\t<\/div>\n\t\t\t\t\t<\/div>\n\t\t\t\t\t\t\t\t\t\t\t\t\t\t\t\t\t\t\t\t\t<div class=\"card-wrapper\">\n\t\t\t\t\t\t<div class=\"card\">\n\t\t\t\t\t\t\t<h3 class=\"card__title\">PORTA QR<\/h3>\n\t\t\t\t\t\t\t\t\t\t\t\t\t\t<div class=\"card__description\">\n\t\t\t\t\t\t\t\t<p>La tarjeta digital del transporte p\u00fablico que moderniza el medio de pago mejorando la calidad de vida de pasajeros y conductores.<\/p>\n\t\t\t\t\t\t\t<\/div>\n\t\t\t\t\t\t\t\t\t\t\t\t\t<\/div>\n\t\t\t\t\t<\/div>\n\t\t\t\t\t\t\t\t\t\t\t\t\t\t\t\t\t\t\t\t\t<div class=\"card-wrapper\">\n\t\t\t\t\t\t<div class=\"card\">\n\t\t\t\t\t\t\t<h3 class=\"card__title\">EL AVELLANO<\/h3>\n\t\t\t\t\t\t\t\t\t\t\t\t\t\t<div class=\"card__description\">\n\t\t\t\t\t\t\t\t<p>Bio cosm\u00e9tica sostenible y fomento de la econom\u00eda circular a trav\u00e9s de un proyecto que genera ceras hipoalerg\u00e9nicas (que reemplazan componentes de jabones y cremas) a partir de un residuo de la industria forestal, la corteza de pino radiata.<\/p>\n\t\t\t\t\t\t\t<\/div>\n\t\t\t\t\t\t\t\t\t\t\t\t\t<\/div>\n\t\t\t\t\t<\/div>\n\t\t\t\t\t\t\t\t\t\t\t\t\t\t\t\t\t\t\t\t\t<div class=\"card-wrapper\">\n\t\t\t\t\t\t<div class=\"card\">\n\t\t\t\t\t\t\t<h3 class=\"card__title\">PULIRED<\/h3>\n\t\t\t\t\t\t\t\t\t\t\t\t\t\t<div class=\"card__description\">\n\t\t\t\t\t\t\t\t<p>Red de provisi\u00f3n y administraci\u00f3n de puntos limpios de reciclaje establecimientos educacionales, asociado a un programa de educaci\u00f3n que motiva el reciclaje domiciliario a trav\u00e9s del fomento de h\u00e1bitos en las familias.<\/p>\n\t\t\t\t\t\t\t<\/div>\n\t\t\t\t\t\t\t\t\t\t\t\t\t<\/div>\n\t\t\t\t\t<\/div>\n\t\t\t\t\t\t\t\t\t\t<\/div>\n\t\t<\/div>\n\t<\/div>\n<\/section>\n\n\n\n<h2 class=\"wp-block-heading\">Galer\u00eda de fotos:<\/h2>\n\n\n\n<figure class=\"wp-block-gallery has-nested-images columns-2 is-cropped wp-block-gallery-1 is-layout-flex wp-block-gallery-is-layout-flex\">\n<figure class=\"wp-block-image size-large\"><img loading=\"lazy\" decoding=\"async\" width=\"491\" height=\"327\" data-id=\"1226\" src=\"https:\/\/arquitectura.udd.cl\/cic\/files\/2023\/03\/desafiobio2-1.jpg\" alt=\"\" class=\"wp-image-1226\" srcset=\"https:\/\/arquitectura.udd.cl\/cic\/files\/2023\/03\/desafiobio2-1.jpg 491w, https:\/\/arquitectura.udd.cl\/cic\/files\/2023\/03\/desafiobio2-1-300x200.jpg 300w\" sizes=\"auto, (max-width: 491px) 100vw, 491px\" \/><\/figure>\n\n\n\n<figure class=\"wp-block-image size-large\"><img loading=\"lazy\" decoding=\"async\" width=\"737\" height=\"423\" data-id=\"1227\" src=\"https:\/\/arquitectura.udd.cl\/cic\/files\/2023\/03\/desafiobio4-1.jpg\" alt=\"\" class=\"wp-image-1227\" srcset=\"https:\/\/arquitectura.udd.cl\/cic\/files\/2023\/03\/desafiobio4-1.jpg 737w, https:\/\/arquitectura.udd.cl\/cic\/files\/2023\/03\/desafiobio4-1-300x172.jpg 300w\" sizes=\"auto, (max-width: 737px) 100vw, 737px\" \/><\/figure>\n\n\n\n<figure class=\"wp-block-image size-large\"><img loading=\"lazy\" decoding=\"async\" width=\"1024\" height=\"768\" data-id=\"1217\" src=\"https:\/\/arquitectura.udd.cl\/cic\/files\/2023\/03\/imagen-de-whatsapp-2023-01-24-a-las-17-52-39.jpg\" alt=\"\" class=\"wp-image-1217\" srcset=\"https:\/\/arquitectura.udd.cl\/cic\/files\/2023\/03\/imagen-de-whatsapp-2023-01-24-a-las-17-52-39.jpg 1024w, https:\/\/arquitectura.udd.cl\/cic\/files\/2023\/03\/imagen-de-whatsapp-2023-01-24-a-las-17-52-39-300x225.jpg 300w, https:\/\/arquitectura.udd.cl\/cic\/files\/2023\/03\/imagen-de-whatsapp-2023-01-24-a-las-17-52-39-768x576.jpg 768w\" sizes=\"auto, (max-width: 1024px) 100vw, 1024px\" \/><\/figure>\n<\/figure>\n\n\n<section class=\"wp-block-udd-videos-row block--bg-gray is-style-default\">\n\t<div class=\"videos-row container\">\n\t\t\t\t<header class=\"block__header\">\n\t\t\t\t\t\t<h2 class=\"block__title\">\n\t\t\t\tMultimedia\t\t\t<\/h2>\n\t\t\t\t\t\t\t\t<\/header>\n\t\t\t\t\t\t<div class=\"row videos-row__videos\">\n\t\t\t<article class=\"udd-video\">\n\t<a href=\"https:\/\/www.youtube.com\/watch?v=DHC7PSIu7pA\" class=\"js-udd-video-modal udd-video__link\" data-video-id=\"DHC7PSIu7pA\">\n\t\t<span class=\"udd-video__label\"><svg class=\"svg-video-dims\"><use xlink:href='https:\/\/arquitectura.udd.cl\/cic\/wp-content\/themes\/facultades-2018\/assets\/img\/svg\/dist\/main.svg?version=1695853099#video'><\/use><\/svg> Ver video<\/span>\n\t\t<h3 class=\"udd-video__title\">\n\t\t\tCeremonia. Presentaci\u00f3n de resultados\t\t<\/h3>\n\t\t<span class=\"udd-video__image-container\"><img decoding=\"async\" src=\"https:\/\/i.ytimg.com\/vi\/DHC7PSIu7pA\/hqdefault.jpg\" loading=\"lazy\" alt=\"Ceremonia. Presentaci\u00f3n de resultados\" class=\"udd-video__image\" alt=\"Previsualizaci\u00f3n de &#039;Ceremonia. Presentaci\u00f3n de resultados&#039;\"><\/span>\t<\/a>\n<\/article>\n<article class=\"udd-video\">\n\t<a href=\"https:\/\/www.youtube.com\/watch?v=arsiURFWB0U\" class=\"js-udd-video-modal udd-video__link\" data-video-id=\"arsiURFWB0U\">\n\t\t<span class=\"udd-video__label\"><svg class=\"svg-video-dims\"><use xlink:href='https:\/\/arquitectura.udd.cl\/cic\/wp-content\/themes\/facultades-2018\/assets\/img\/svg\/dist\/main.svg?version=1695853099#video'><\/use><\/svg> Ver video<\/span>\n\t\t<h3 class=\"udd-video__title\">\n\t\t\tProyectos ganadores\t\t<\/h3>\n\t\t<span class=\"udd-video__image-container\"><img decoding=\"async\" src=\"https:\/\/i.ytimg.com\/vi\/arsiURFWB0U\/hqdefault.jpg\" loading=\"lazy\" alt=\"Proyectos ganadores\" class=\"udd-video__image\" alt=\"Previsualizaci\u00f3n de &#039;Proyectos ganadores&#039;\"><\/span>\t<\/a>\n<\/article>\n\t\t<\/div>\n\t\t\t<\/div>\n<\/section>\n","protected":false},"excerpt":{"rendered":"<p>Desafio Bio Bio: Grandes ideas para una ciudad inteligente Luego de analizar propuestas se opta, mediante una votaci\u00f3n, priorizar 5 \u00e1reas o desaf\u00edos prioritarios en la regi\u00f3n Congesti\u00f3n Inclusividad Reciclaje y reutilizaci\u00f3n Intermodalidad Delincuencia 15 empresas participaron de la iniciativa, el cual incluy\u00f3 meses de capacitaci\u00f3n frente a la ideaci\u00f3n y desarrollos de cada proyecto. [&hellip;]<\/p>\n","protected":false},"author":9192204,"featured_media":0,"parent":0,"menu_order":0,"comment_status":"closed","ping_status":"closed","template":"","meta":{"footnotes":""},"class_list":["post-423","page","type-page","status-publish","hentry"],"yoast_head":"<!-- This site is optimized with the Yoast SEO plugin v26.9 - https:\/\/yoast.com\/product\/yoast-seo-wordpress\/ -->\n<title>Desaf\u00edo Bio Bio - Centro de Innovaci\u00f3n en Ciudades UDD<\/title>\n<meta name=\"robots\" content=\"index, follow, max-snippet:-1, max-image-preview:large, max-video-preview:-1\" \/>\n<link rel=\"canonical\" href=\"https:\/\/arquitectura.udd.cl\/cic\/desafio-bio-bio\/\" \/>\n<meta property=\"og:locale\" content=\"es_ES\" \/>\n<meta property=\"og:type\" content=\"article\" \/>\n<meta property=\"og:title\" content=\"Desaf\u00edo Bio Bio - Centro de Innovaci\u00f3n en Ciudades UDD\" \/>\n<meta property=\"og:description\" content=\"Desafio Bio Bio: Grandes ideas para una ciudad inteligente Luego de analizar propuestas se opta, mediante una votaci\u00f3n, priorizar 5 \u00e1reas o desaf\u00edos prioritarios en la regi\u00f3n Congesti\u00f3n Inclusividad Reciclaje y reutilizaci\u00f3n Intermodalidad Delincuencia 15 empresas participaron de la iniciativa, el cual incluy\u00f3 meses de capacitaci\u00f3n frente a la ideaci\u00f3n y desarrollos de cada proyecto. [&hellip;]\" \/>\n<meta property=\"og:url\" content=\"https:\/\/arquitectura.udd.cl\/cic\/desafio-bio-bio\/\" \/>\n<meta property=\"og:site_name\" content=\"Centro de Innovaci\u00f3n en Ciudades UDD\" \/>\n<meta property=\"article:modified_time\" content=\"2023-03-13T23:28:55+00:00\" \/>\n<meta property=\"og:image\" content=\"https:\/\/arquitectura.udd.cl\/cic\/files\/2023\/03\/desafiobio1.jpg\" \/>\n<meta name=\"twitter:card\" content=\"summary_large_image\" \/>\n<meta name=\"twitter:label1\" content=\"Tiempo de lectura\" \/>\n\t<meta name=\"twitter:data1\" content=\"4 minutos\" \/>\n<script type=\"application\/ld+json\" class=\"yoast-schema-graph\">{\"@context\":\"https:\/\/schema.org\",\"@graph\":[{\"@type\":\"WebPage\",\"@id\":\"https:\/\/arquitectura.udd.cl\/cic\/desafio-bio-bio\/\",\"url\":\"https:\/\/arquitectura.udd.cl\/cic\/desafio-bio-bio\/\",\"name\":\"Desaf\u00edo Bio Bio - Centro de Innovaci\u00f3n en Ciudades UDD\",\"isPartOf\":{\"@id\":\"https:\/\/arquitectura.udd.cl\/cic\/#website\"},\"primaryImageOfPage\":{\"@id\":\"https:\/\/arquitectura.udd.cl\/cic\/desafio-bio-bio\/#primaryimage\"},\"image\":{\"@id\":\"https:\/\/arquitectura.udd.cl\/cic\/desafio-bio-bio\/#primaryimage\"},\"thumbnailUrl\":\"https:\/\/arquitectura.udd.cl\/cic\/files\/2023\/03\/desafiobio1.jpg\",\"datePublished\":\"2021-12-23T15:32:44+00:00\",\"dateModified\":\"2023-03-13T23:28:55+00:00\",\"breadcrumb\":{\"@id\":\"https:\/\/arquitectura.udd.cl\/cic\/desafio-bio-bio\/#breadcrumb\"},\"inLanguage\":\"es\",\"potentialAction\":[{\"@type\":\"ReadAction\",\"target\":[\"https:\/\/arquitectura.udd.cl\/cic\/desafio-bio-bio\/\"]}]},{\"@type\":\"ImageObject\",\"inLanguage\":\"es\",\"@id\":\"https:\/\/arquitectura.udd.cl\/cic\/desafio-bio-bio\/#primaryimage\",\"url\":\"https:\/\/arquitectura.udd.cl\/cic\/files\/2023\/03\/desafiobio1.jpg\",\"contentUrl\":\"https:\/\/arquitectura.udd.cl\/cic\/files\/2023\/03\/desafiobio1.jpg\",\"width\":491,\"height\":374},{\"@type\":\"BreadcrumbList\",\"@id\":\"https:\/\/arquitectura.udd.cl\/cic\/desafio-bio-bio\/#breadcrumb\",\"itemListElement\":[{\"@type\":\"ListItem\",\"position\":1,\"name\":\"Portada\",\"item\":\"https:\/\/arquitectura.udd.cl\/cic\/\"},{\"@type\":\"ListItem\",\"position\":2,\"name\":\"Desaf\u00edo Bio Bio\"}]},{\"@type\":\"WebSite\",\"@id\":\"https:\/\/arquitectura.udd.cl\/cic\/#website\",\"url\":\"https:\/\/arquitectura.udd.cl\/cic\/\",\"name\":\"Centro de Innovaci\u00f3n en Ciudades UDD\",\"description\":\"\",\"inLanguage\":\"es\"}]}<\/script>\n<!-- \/ Yoast SEO plugin. -->","yoast_head_json":{"title":"Desaf\u00edo Bio Bio - Centro de Innovaci\u00f3n en Ciudades UDD","robots":{"index":"index","follow":"follow","max-snippet":"max-snippet:-1","max-image-preview":"max-image-preview:large","max-video-preview":"max-video-preview:-1"},"canonical":"https:\/\/arquitectura.udd.cl\/cic\/desafio-bio-bio\/","og_locale":"es_ES","og_type":"article","og_title":"Desaf\u00edo Bio Bio - Centro de Innovaci\u00f3n en Ciudades UDD","og_description":"Desafio Bio Bio: Grandes ideas para una ciudad inteligente Luego de analizar propuestas se opta, mediante una votaci\u00f3n, priorizar 5 \u00e1reas o desaf\u00edos prioritarios en la regi\u00f3n Congesti\u00f3n Inclusividad Reciclaje y reutilizaci\u00f3n Intermodalidad Delincuencia 15 empresas participaron de la iniciativa, el cual incluy\u00f3 meses de capacitaci\u00f3n frente a la ideaci\u00f3n y desarrollos de cada proyecto. [&hellip;]","og_url":"https:\/\/arquitectura.udd.cl\/cic\/desafio-bio-bio\/","og_site_name":"Centro de Innovaci\u00f3n en Ciudades UDD","article_modified_time":"2023-03-13T23:28:55+00:00","og_image":[{"url":"https:\/\/arquitectura.udd.cl\/cic\/files\/2023\/03\/desafiobio1.jpg","type":"","width":"","height":""}],"twitter_card":"summary_large_image","twitter_misc":{"Tiempo de lectura":"4 minutos"},"schema":{"@context":"https:\/\/schema.org","@graph":[{"@type":"WebPage","@id":"https:\/\/arquitectura.udd.cl\/cic\/desafio-bio-bio\/","url":"https:\/\/arquitectura.udd.cl\/cic\/desafio-bio-bio\/","name":"Desaf\u00edo Bio Bio - Centro de Innovaci\u00f3n en Ciudades UDD","isPartOf":{"@id":"https:\/\/arquitectura.udd.cl\/cic\/#website"},"primaryImageOfPage":{"@id":"https:\/\/arquitectura.udd.cl\/cic\/desafio-bio-bio\/#primaryimage"},"image":{"@id":"https:\/\/arquitectura.udd.cl\/cic\/desafio-bio-bio\/#primaryimage"},"thumbnailUrl":"https:\/\/arquitectura.udd.cl\/cic\/files\/2023\/03\/desafiobio1.jpg","datePublished":"2021-12-23T15:32:44+00:00","dateModified":"2023-03-13T23:28:55+00:00","breadcrumb":{"@id":"https:\/\/arquitectura.udd.cl\/cic\/desafio-bio-bio\/#breadcrumb"},"inLanguage":"es","potentialAction":[{"@type":"ReadAction","target":["https:\/\/arquitectura.udd.cl\/cic\/desafio-bio-bio\/"]}]},{"@type":"ImageObject","inLanguage":"es","@id":"https:\/\/arquitectura.udd.cl\/cic\/desafio-bio-bio\/#primaryimage","url":"https:\/\/arquitectura.udd.cl\/cic\/files\/2023\/03\/desafiobio1.jpg","contentUrl":"https:\/\/arquitectura.udd.cl\/cic\/files\/2023\/03\/desafiobio1.jpg","width":491,"height":374},{"@type":"BreadcrumbList","@id":"https:\/\/arquitectura.udd.cl\/cic\/desafio-bio-bio\/#breadcrumb","itemListElement":[{"@type":"ListItem","position":1,"name":"Portada","item":"https:\/\/arquitectura.udd.cl\/cic\/"},{"@type":"ListItem","position":2,"name":"Desaf\u00edo Bio Bio"}]},{"@type":"WebSite","@id":"https:\/\/arquitectura.udd.cl\/cic\/#website","url":"https:\/\/arquitectura.udd.cl\/cic\/","name":"Centro de Innovaci\u00f3n en Ciudades UDD","description":"","inLanguage":"es"}]}},"_links":{"self":[{"href":"https:\/\/arquitectura.udd.cl\/cic\/wp-json\/wp\/v2\/pages\/423","targetHints":{"allow":["GET"]}}],"collection":[{"href":"https:\/\/arquitectura.udd.cl\/cic\/wp-json\/wp\/v2\/pages"}],"about":[{"href":"https:\/\/arquitectura.udd.cl\/cic\/wp-json\/wp\/v2\/types\/page"}],"author":[{"embeddable":true,"href":"https:\/\/arquitectura.udd.cl\/cic\/wp-json\/wp\/v2\/users\/9192204"}],"replies":[{"embeddable":true,"href":"https:\/\/arquitectura.udd.cl\/cic\/wp-json\/wp\/v2\/comments?post=423"}],"version-history":[{"count":42,"href":"https:\/\/arquitectura.udd.cl\/cic\/wp-json\/wp\/v2\/pages\/423\/revisions"}],"predecessor-version":[{"id":1239,"href":"https:\/\/arquitectura.udd.cl\/cic\/wp-json\/wp\/v2\/pages\/423\/revisions\/1239"}],"wp:attachment":[{"href":"https:\/\/arquitectura.udd.cl\/cic\/wp-json\/wp\/v2\/media?parent=423"}],"curies":[{"name":"wp","href":"https:\/\/api.w.org\/{rel}","templated":true}]}}