{"id":391,"date":"2021-12-23T15:58:09","date_gmt":"2021-12-23T14:58:09","guid":{"rendered":"https:\/\/arquitectura.udd.cl\/cic\/?page_id=391"},"modified":"2023-03-14T00:13:19","modified_gmt":"2023-03-13T23:13:19","slug":"desafio-metropolitano","status":"publish","type":"page","link":"https:\/\/arquitectura.udd.cl\/cic\/desafio-metropolitano\/","title":{"rendered":"Desaf\u00edo Metropolitano"},"content":{"rendered":"\n<h2 class=\"wp-block-heading\">DESAF\u00cdO METROPOLITANO, CIUDADANOS INTELIGENTES COMO AGENTES DE CAMBIO<\/h2>\n\n\n<section\n\tclass=\"wp-block-udd-text-row\"\n\t\t>\n\t<div class=\"text-row\">\n\t\t<div class=\"text-row__content\">\n\t\t\t<div class=\"text-row__content-inner text\">\n\t\t\t\t\t\t\t\t\n<p>El proyecto Desaf\u00edo Metropolitano \u201c<strong>Grandes ideas para una Regi\u00f3n Inteligente\u201d<\/strong> fue una iniciativa orientada a generar un espacio de encuentro colaborativo, de innovaci\u00f3n y aprendizaje con la ciudadan\u00eda y las Peque\u00f1as y Medianas empresas (PYMES) en el sector TIC, que posibilit\u00f3 la creaci\u00f3n y desarrollo de soluciones en el \u00e1mbito de Ciudades Inteligentes para responder a los principales problemas de la ciudad de Santiago.<\/p>\n\n<p>Una de sus l\u00edneas de trabajo es tecnolog\u00eda y ciudad y en este marco se desarroll\u00f3 el proyecto desaf\u00edo metropolitano, un concurso abierto de innovaci\u00f3n p\u00fablica que obtuvo el financiamiento del fondo de innovaci\u00f3n y competitividad del gobierno regional metropolitano.<\/p>\n\t\t\t<\/div>\n\t\t<\/div>\n\t\t<div class=\"text-row__media\">\n\t\t\t<img loading=\"lazy\" decoding=\"async\" width=\"952\" height=\"534\" src=\"https:\/\/arquitectura.udd.cl\/cic\/files\/2023\/03\/desafiomet5-680x382.jpg\" class=\"text-row__media-image lazyload\" alt=\"\" sizes=\"auto, (max-width: 952px) 100vw, 952px\" data-src=\"https:\/\/arquitectura.udd.cl\/cic\/files\/2023\/03\/desafiomet5-952x534.jpg\" data-srcset=\"https:\/\/arquitectura.udd.cl\/cic\/files\/2023\/03\/desafiomet5-952x534.jpg 952w, https:\/\/arquitectura.udd.cl\/cic\/files\/2023\/03\/desafiomet5-680x382.jpg 680w\" \/>\t\t<\/div>\n\t<\/div>\n<\/section>\n\n\n<section\n\tclass=\"wp-block-udd-text-row block--content-align-right\"\n\t\t>\n\t<div class=\"text-row\">\n\t\t<div class=\"text-row__content\">\n\t\t\t<div class=\"text-row__content-inner text\">\n\t\t\t\t\t\t\t\t\n<p>El proyecto Desaf\u00edo Metropolitano \u201cGrandes ideas para una Regi\u00f3n Inteligente\u201d es un proyecto cuyo objetivo se centra en responder a los problemas de la ciudad de Santiago con soluciones globales dentro del marco de las ciudades inteligentes.<\/p>\n\n<p>Se trat\u00f3 entonces de generar un espacio de encuentro colaborativo, de innovaci\u00f3n y aprendizaje con la ciudadan\u00eda y las Peque\u00f1as y Medianas empresas (PYMES) en el sector TIC, que posibilite la creaci\u00f3n y desarrollo de soluciones en el \u00e1mbito de Ciudades Inteligentes y contribuya a mejorar la calidad de vida de los habitantes de Santiago y eventualmente de otras ciudades chilenas y globales.<\/p>\n\t\t\t<\/div>\n\t\t<\/div>\n\t\t<div class=\"text-row__media\">\n\t\t\t<img loading=\"lazy\" decoding=\"async\" width=\"952\" height=\"534\" src=\"https:\/\/arquitectura.udd.cl\/cic\/files\/2023\/03\/desafiomet3-680x382.jpg\" class=\"text-row__media-image lazyload\" alt=\"\" sizes=\"auto, (max-width: 952px) 100vw, 952px\" data-src=\"https:\/\/arquitectura.udd.cl\/cic\/files\/2023\/03\/desafiomet3-952x534.jpg\" data-srcset=\"https:\/\/arquitectura.udd.cl\/cic\/files\/2023\/03\/desafiomet3-952x534.jpg 952w, https:\/\/arquitectura.udd.cl\/cic\/files\/2023\/03\/desafiomet3-680x382.jpg 680w\" \/>\t\t<\/div>\n\t<\/div>\n<\/section>\n\n\n<section\n\tclass=\"wp-block-udd-text-row\"\n\t\t>\n\t<div class=\"text-row\">\n\t\t<div class=\"text-row__content\">\n\t\t\t<div class=\"text-row__content-inner text\">\n\t\t\t\t\t\t\t\t\n<p>La iniciativa orientada a generar soluciones digitales para los desaf\u00edos urbanos se desarrollo durante un a\u00f1o en 5 etapas. Primero se definieron participativamente los desaf\u00edos prioritarios invitando a la ciudadana a votar online por los 5 mas relevantes. con mas de 5000 votos de 49 comunas se definieron como prioritarios: el mejoramiento del transporte publico, la promoci\u00f3n del reciclaje, el cuidado y buen uso de las \u00e1reas verdes, el mejoramiento de la calidad del aire y el incentivo a medios de transporte no motorizado.<\/p>\n\n<p>En una segunda fase se invit\u00f3 a las pymes TIC a un concurso de ideas con 5 premios de 20 millones para los ganadores, 50 empresas participaron en el proceso y un jurado experto selecciono a los 15 finalistas.<\/p>\n\t\t\t<\/div>\n\t\t<\/div>\n\t\t<div class=\"text-row__media\">\n\t\t\t<img loading=\"lazy\" decoding=\"async\" width=\"952\" height=\"534\" src=\"https:\/\/arquitectura.udd.cl\/cic\/files\/2023\/03\/desafiomet7-680x382.jpg\" class=\"text-row__media-image lazyload\" alt=\"\" sizes=\"auto, (max-width: 952px) 100vw, 952px\" data-src=\"https:\/\/arquitectura.udd.cl\/cic\/files\/2023\/03\/desafiomet7-952x534.jpg\" data-srcset=\"https:\/\/arquitectura.udd.cl\/cic\/files\/2023\/03\/desafiomet7-952x534.jpg 952w, https:\/\/arquitectura.udd.cl\/cic\/files\/2023\/03\/desafiomet7-680x382.jpg 680w\" \/>\t\t<\/div>\n\t<\/div>\n<\/section>\n\n\n\n<h2 class=\"wp-block-heading\"><strong>Los 15 desaf\u00edos preliminares establecidos fueron:<\/strong><\/h2>\n\n\n\n<ol class=\"wp-block-list\"><li>Incorporar a la ciudadan\u00eda en los procesos urbanos.<\/li><li>Mejorar sistemas de recolecci\u00f3n y disposici\u00f3n final de residuos. <\/li><li>Mejorar sistemas de reciclaje y reutilizaci\u00f3n. <\/li><li>Hacer uso m\u00e1s eficiente de los Recursos H\u00eddricos.<\/li><li>Eliminar Vertederos Ilegales y Micro-basurales.<\/li><li>Promover la creaci\u00f3n y mantenci\u00f3n de \u00e1reas verdes.<\/li><li>Reducir la contaminaci\u00f3n atmosf\u00e9rica.<\/li><li>Fortalecer los mecanismos de prevenci\u00f3n del delito.<\/li><li>Mejorar la capacidad de acci\u00f3n coordinada frente a delitos.<\/li><li>Perfeccionar la gesti\u00f3n de riesgo a nivel regional.<\/li><li>Mejorar la respuesta local ante desastres.<\/li><li>Reducir accidentes de tr\u00e1nsito.<\/li><li>Mejorar el transporte p\u00fablico.<\/li><li>Promover el uso de transporte no motorizado.<\/li><li>Mejorar la infraestructura para discapacitados.<\/li><\/ol>\n\n\n\n<p>En la tercera etapa se desarrollaron las propuestas y cada empresa preparo un video para nuevamente definir en forma participativa a los 5 ganadores.<\/p>\n\n\n<!-- WP Block: UDD - Cards Alternate -->\n<section class=\"wp-block-udd-cards\" style=\"--udd-blocks-has-columns-number: 5\">\n\t<div class=\"container\">\n\t\t\t\t\t<header class=\"header__innerblock block__header\">\n\t\t\t\n<h2><strong>5 ganadores:<\/strong><\/h2>\n\t\n\t\n\t<\/header>\n\t\t\t\t<div class=\"block__content\">\n\t\t\t<div class=\"cards\">\n\t\t\t\t\t\t\t\t\t\t\t\t\t\t\t\t\t<div class=\"card-wrapper\">\n\t\t\t\t\t\t<div class=\"card\">\n\t\t\t\t\t\t\t<h3 class=\"card__title\">Reciclapp<\/h3>\n\t\t\t\t\t\t\t\t\t\t\t\t\t\t<div class=\"card__description\">\n\t\t\t\t\t\t\t\t<p>Una soluci\u00f3n digital que da forma a sistemas informales de reciclaje, uniendo a las personas que quieren reciclar con los recicladores de base.<\/p>\n\t\t\t\t\t\t\t<\/div>\n\t\t\t\t\t\t\t\t\t\t\t\t\t<\/div>\n\t\t\t\t\t<\/div>\n\t\t\t\t\t\t\t\t\t\t\t\t\t\t\t\t\t\t\t\t\t<div class=\"card-wrapper\">\n\t\t\t\t\t\t<div class=\"card\">\n\t\t\t\t\t\t\t<h3 class=\"card__title\">Plantsss<\/h3>\n\t\t\t\t\t\t\t\t\t\t\t\t\t\t<div class=\"card__description\">\n\t\t\t\t\t\t\t\t<p>Una aplicaci\u00f3n de informaci\u00f3n bot\u00e1nica y educaci\u00f3n medioambiental que permite manera las especies de los espacios p\u00fablicos.<\/p>\n\t\t\t\t\t\t\t<\/div>\n\t\t\t\t\t\t\t\t\t\t\t\t\t<\/div>\n\t\t\t\t\t<\/div>\n\t\t\t\t\t\t\t\t\t\t\t\t\t\t\t\t\t\t\t\t\t<div class=\"card-wrapper\">\n\t\t\t\t\t\t<div class=\"card\">\n\t\t\t\t\t\t\t<h3 class=\"card__title\">Bikeonbus<\/h3>\n\t\t\t\t\t\t\t\t\t\t\t\t\t\t<div class=\"card__description\">\n\t\t\t\t\t\t\t\t<p>Un sistema de transporte de bicicletas en buses con una aplicaci\u00f3n para revisar en tiempo real la disponibilidad de espacios.<\/p>\n\t\t\t\t\t\t\t<\/div>\n\t\t\t\t\t\t\t\t\t\t\t\t\t<\/div>\n\t\t\t\t\t<\/div>\n\t\t\t\t\t\t\t\t\t\t\t\t\t\t\t\t\t\t\t\t\t<div class=\"card-wrapper\">\n\t\t\t\t\t\t<div class=\"card\">\n\t\t\t\t\t\t\t<h3 class=\"card__title\">Reciclaonline<\/h3>\n\t\t\t\t\t\t\t\t\t\t\t\t\t\t<div class=\"card__description\">\n\t\t\t\t\t\t\t\t<p>Un sistema de reciclaje de aparatos el\u00e9ctricos y electr\u00f3nicos que permite programar su retiro a domicilio.<\/p>\n\t\t\t\t\t\t\t<\/div>\n\t\t\t\t\t\t\t\t\t\t\t\t\t<\/div>\n\t\t\t\t\t<\/div>\n\t\t\t\t\t\t\t\t\t\t\t\t\t\t\t\t\t\t\t\t\t<div class=\"card-wrapper\">\n\t\t\t\t\t\t<div class=\"card\">\n\t\t\t\t\t\t\t<h3 class=\"card__title\">Bikelite<\/h3>\n\t\t\t\t\t\t\t\t\t\t\t\t\t\t<div class=\"card__description\">\n\t\t\t\t\t\t\t\t<p>Una ciclo ruta digital que promueve la seguridad de los ciclistas.<\/p>\n\t\t\t\t\t\t\t<\/div>\n\t\t\t\t\t\t\t\t\t\t\t\t\t<\/div>\n\t\t\t\t\t<\/div>\n\t\t\t\t\t\t\t\t\t\t<\/div>\n\t\t<\/div>\n\t<\/div>\n<\/section>\n\n\n\n<p>En una cuarta etapa se desarrollaron los prototipos funcionales de las aplicaciones y finalmente en junio del 2017 se lanzaron los proyectos en un evento p\u00fablico para luego apoyar a las empresas en su participaci\u00f3n en el World Smart City Expo de Barcelona y difunde internacionalmente estas soluciones digitales creadas en chile.<\/p>\n\n\n\n<p><\/p>\n\n\n\n<figure class=\"wp-block-image size-full is-style-rounded\"><img loading=\"lazy\" decoding=\"async\" width=\"960\" height=\"639\" src=\"https:\/\/arquitectura.udd.cl\/cic\/files\/2023\/03\/desafiomet2.jpg\" alt=\"\" class=\"wp-image-1203\" srcset=\"https:\/\/arquitectura.udd.cl\/cic\/files\/2023\/03\/desafiomet2.jpg 960w, https:\/\/arquitectura.udd.cl\/cic\/files\/2023\/03\/desafiomet2-300x200.jpg 300w, https:\/\/arquitectura.udd.cl\/cic\/files\/2023\/03\/desafiomet2-768x511.jpg 768w\" sizes=\"auto, (max-width: 960px) 100vw, 960px\" \/><\/figure>\n","protected":false},"excerpt":{"rendered":"<p>DESAF\u00cdO METROPOLITANO, CIUDADANOS INTELIGENTES COMO AGENTES DE CAMBIO Los 15 desaf\u00edos preliminares establecidos fueron: Incorporar a la ciudadan\u00eda en los procesos urbanos. Mejorar sistemas de recolecci\u00f3n y disposici\u00f3n final de residuos. Mejorar sistemas de reciclaje y reutilizaci\u00f3n. Hacer uso m\u00e1s eficiente de los Recursos H\u00eddricos. Eliminar Vertederos Ilegales y Micro-basurales. Promover la creaci\u00f3n y mantenci\u00f3n [&hellip;]<\/p>\n","protected":false},"author":9192204,"featured_media":0,"parent":0,"menu_order":0,"comment_status":"closed","ping_status":"closed","template":"","meta":{"footnotes":""},"class_list":["post-391","page","type-page","status-publish","hentry"],"yoast_head":"<!-- This site is optimized with the Yoast SEO plugin v26.9 - https:\/\/yoast.com\/product\/yoast-seo-wordpress\/ -->\n<title>Desaf\u00edo Metropolitano - Centro de Innovaci\u00f3n en Ciudades UDD<\/title>\n<meta name=\"robots\" content=\"index, follow, max-snippet:-1, max-image-preview:large, max-video-preview:-1\" \/>\n<link rel=\"canonical\" href=\"https:\/\/arquitectura.udd.cl\/cic\/desafio-metropolitano\/\" \/>\n<meta property=\"og:locale\" content=\"es_ES\" \/>\n<meta property=\"og:type\" content=\"article\" \/>\n<meta property=\"og:title\" content=\"Desaf\u00edo Metropolitano - Centro de Innovaci\u00f3n en Ciudades UDD\" \/>\n<meta property=\"og:description\" content=\"DESAF\u00cdO METROPOLITANO, CIUDADANOS INTELIGENTES COMO AGENTES DE CAMBIO Los 15 desaf\u00edos preliminares establecidos fueron: Incorporar a la ciudadan\u00eda en los procesos urbanos. Mejorar sistemas de recolecci\u00f3n y disposici\u00f3n final de residuos. Mejorar sistemas de reciclaje y reutilizaci\u00f3n. Hacer uso m\u00e1s eficiente de los Recursos H\u00eddricos. Eliminar Vertederos Ilegales y Micro-basurales. Promover la creaci\u00f3n y mantenci\u00f3n [&hellip;]\" \/>\n<meta property=\"og:url\" content=\"https:\/\/arquitectura.udd.cl\/cic\/desafio-metropolitano\/\" \/>\n<meta property=\"og:site_name\" content=\"Centro de Innovaci\u00f3n en Ciudades UDD\" \/>\n<meta property=\"article:modified_time\" content=\"2023-03-13T23:13:19+00:00\" \/>\n<meta property=\"og:image\" content=\"https:\/\/arquitectura.udd.cl\/cic\/files\/2023\/03\/desafiomet5.jpg\" \/>\n<meta name=\"twitter:card\" content=\"summary_large_image\" \/>\n<meta name=\"twitter:label1\" content=\"Tiempo de lectura\" \/>\n\t<meta name=\"twitter:data1\" content=\"4 minutos\" \/>\n<script type=\"application\/ld+json\" class=\"yoast-schema-graph\">{\"@context\":\"https:\/\/schema.org\",\"@graph\":[{\"@type\":\"WebPage\",\"@id\":\"https:\/\/arquitectura.udd.cl\/cic\/desafio-metropolitano\/\",\"url\":\"https:\/\/arquitectura.udd.cl\/cic\/desafio-metropolitano\/\",\"name\":\"Desaf\u00edo Metropolitano - Centro de Innovaci\u00f3n en Ciudades UDD\",\"isPartOf\":{\"@id\":\"https:\/\/arquitectura.udd.cl\/cic\/#website\"},\"primaryImageOfPage\":{\"@id\":\"https:\/\/arquitectura.udd.cl\/cic\/desafio-metropolitano\/#primaryimage\"},\"image\":{\"@id\":\"https:\/\/arquitectura.udd.cl\/cic\/desafio-metropolitano\/#primaryimage\"},\"thumbnailUrl\":\"https:\/\/arquitectura.udd.cl\/cic\/files\/2023\/03\/desafiomet5.jpg\",\"datePublished\":\"2021-12-23T14:58:09+00:00\",\"dateModified\":\"2023-03-13T23:13:19+00:00\",\"breadcrumb\":{\"@id\":\"https:\/\/arquitectura.udd.cl\/cic\/desafio-metropolitano\/#breadcrumb\"},\"inLanguage\":\"es\",\"potentialAction\":[{\"@type\":\"ReadAction\",\"target\":[\"https:\/\/arquitectura.udd.cl\/cic\/desafio-metropolitano\/\"]}]},{\"@type\":\"ImageObject\",\"inLanguage\":\"es\",\"@id\":\"https:\/\/arquitectura.udd.cl\/cic\/desafio-metropolitano\/#primaryimage\",\"url\":\"https:\/\/arquitectura.udd.cl\/cic\/files\/2023\/03\/desafiomet5.jpg\",\"contentUrl\":\"https:\/\/arquitectura.udd.cl\/cic\/files\/2023\/03\/desafiomet5.jpg\",\"width\":1040,\"height\":784},{\"@type\":\"BreadcrumbList\",\"@id\":\"https:\/\/arquitectura.udd.cl\/cic\/desafio-metropolitano\/#breadcrumb\",\"itemListElement\":[{\"@type\":\"ListItem\",\"position\":1,\"name\":\"Portada\",\"item\":\"https:\/\/arquitectura.udd.cl\/cic\/\"},{\"@type\":\"ListItem\",\"position\":2,\"name\":\"Desaf\u00edo Metropolitano\"}]},{\"@type\":\"WebSite\",\"@id\":\"https:\/\/arquitectura.udd.cl\/cic\/#website\",\"url\":\"https:\/\/arquitectura.udd.cl\/cic\/\",\"name\":\"Centro de Innovaci\u00f3n en Ciudades UDD\",\"description\":\"\",\"inLanguage\":\"es\"}]}<\/script>\n<!-- \/ Yoast SEO plugin. -->","yoast_head_json":{"title":"Desaf\u00edo Metropolitano - Centro de Innovaci\u00f3n en Ciudades UDD","robots":{"index":"index","follow":"follow","max-snippet":"max-snippet:-1","max-image-preview":"max-image-preview:large","max-video-preview":"max-video-preview:-1"},"canonical":"https:\/\/arquitectura.udd.cl\/cic\/desafio-metropolitano\/","og_locale":"es_ES","og_type":"article","og_title":"Desaf\u00edo Metropolitano - Centro de Innovaci\u00f3n en Ciudades UDD","og_description":"DESAF\u00cdO METROPOLITANO, CIUDADANOS INTELIGENTES COMO AGENTES DE CAMBIO Los 15 desaf\u00edos preliminares establecidos fueron: Incorporar a la ciudadan\u00eda en los procesos urbanos. Mejorar sistemas de recolecci\u00f3n y disposici\u00f3n final de residuos. Mejorar sistemas de reciclaje y reutilizaci\u00f3n. Hacer uso m\u00e1s eficiente de los Recursos H\u00eddricos. Eliminar Vertederos Ilegales y Micro-basurales. Promover la creaci\u00f3n y mantenci\u00f3n [&hellip;]","og_url":"https:\/\/arquitectura.udd.cl\/cic\/desafio-metropolitano\/","og_site_name":"Centro de Innovaci\u00f3n en Ciudades UDD","article_modified_time":"2023-03-13T23:13:19+00:00","og_image":[{"url":"https:\/\/arquitectura.udd.cl\/cic\/files\/2023\/03\/desafiomet5.jpg","type":"","width":"","height":""}],"twitter_card":"summary_large_image","twitter_misc":{"Tiempo de lectura":"4 minutos"},"schema":{"@context":"https:\/\/schema.org","@graph":[{"@type":"WebPage","@id":"https:\/\/arquitectura.udd.cl\/cic\/desafio-metropolitano\/","url":"https:\/\/arquitectura.udd.cl\/cic\/desafio-metropolitano\/","name":"Desaf\u00edo Metropolitano - Centro de Innovaci\u00f3n en Ciudades UDD","isPartOf":{"@id":"https:\/\/arquitectura.udd.cl\/cic\/#website"},"primaryImageOfPage":{"@id":"https:\/\/arquitectura.udd.cl\/cic\/desafio-metropolitano\/#primaryimage"},"image":{"@id":"https:\/\/arquitectura.udd.cl\/cic\/desafio-metropolitano\/#primaryimage"},"thumbnailUrl":"https:\/\/arquitectura.udd.cl\/cic\/files\/2023\/03\/desafiomet5.jpg","datePublished":"2021-12-23T14:58:09+00:00","dateModified":"2023-03-13T23:13:19+00:00","breadcrumb":{"@id":"https:\/\/arquitectura.udd.cl\/cic\/desafio-metropolitano\/#breadcrumb"},"inLanguage":"es","potentialAction":[{"@type":"ReadAction","target":["https:\/\/arquitectura.udd.cl\/cic\/desafio-metropolitano\/"]}]},{"@type":"ImageObject","inLanguage":"es","@id":"https:\/\/arquitectura.udd.cl\/cic\/desafio-metropolitano\/#primaryimage","url":"https:\/\/arquitectura.udd.cl\/cic\/files\/2023\/03\/desafiomet5.jpg","contentUrl":"https:\/\/arquitectura.udd.cl\/cic\/files\/2023\/03\/desafiomet5.jpg","width":1040,"height":784},{"@type":"BreadcrumbList","@id":"https:\/\/arquitectura.udd.cl\/cic\/desafio-metropolitano\/#breadcrumb","itemListElement":[{"@type":"ListItem","position":1,"name":"Portada","item":"https:\/\/arquitectura.udd.cl\/cic\/"},{"@type":"ListItem","position":2,"name":"Desaf\u00edo Metropolitano"}]},{"@type":"WebSite","@id":"https:\/\/arquitectura.udd.cl\/cic\/#website","url":"https:\/\/arquitectura.udd.cl\/cic\/","name":"Centro de Innovaci\u00f3n en Ciudades UDD","description":"","inLanguage":"es"}]}},"_links":{"self":[{"href":"https:\/\/arquitectura.udd.cl\/cic\/wp-json\/wp\/v2\/pages\/391","targetHints":{"allow":["GET"]}}],"collection":[{"href":"https:\/\/arquitectura.udd.cl\/cic\/wp-json\/wp\/v2\/pages"}],"about":[{"href":"https:\/\/arquitectura.udd.cl\/cic\/wp-json\/wp\/v2\/types\/page"}],"author":[{"embeddable":true,"href":"https:\/\/arquitectura.udd.cl\/cic\/wp-json\/wp\/v2\/users\/9192204"}],"replies":[{"embeddable":true,"href":"https:\/\/arquitectura.udd.cl\/cic\/wp-json\/wp\/v2\/comments?post=391"}],"version-history":[{"count":31,"href":"https:\/\/arquitectura.udd.cl\/cic\/wp-json\/wp\/v2\/pages\/391\/revisions"}],"predecessor-version":[{"id":1208,"href":"https:\/\/arquitectura.udd.cl\/cic\/wp-json\/wp\/v2\/pages\/391\/revisions\/1208"}],"wp:attachment":[{"href":"https:\/\/arquitectura.udd.cl\/cic\/wp-json\/wp\/v2\/media?parent=391"}],"curies":[{"name":"wp","href":"https:\/\/api.w.org\/{rel}","templated":true}]}}