{"id":1406,"date":"2023-04-05T18:53:50","date_gmt":"2023-04-05T16:53:50","guid":{"rendered":"https:\/\/arquitectura.udd.cl\/cic\/?page_id=1406"},"modified":"2023-04-05T18:58:16","modified_gmt":"2023-04-05T16:58:16","slug":"growing-up-in-cities-2020-chile","status":"publish","type":"page","link":"https:\/\/arquitectura.udd.cl\/cic\/growing-up-in-cities-2020-chile\/","title":{"rendered":"Growing up in Cities 2020 Chile"},"content":{"rendered":"<section\n\tclass=\"wp-block-udd-text-row block--content-align-right\"\n\t\t>\n\t<div class=\"text-row\">\n\t\t<div class=\"text-row__content\">\n\t\t\t<div class=\"text-row__content-inner text\">\n\t\t\t\t\t\t\t\t\n<p>El proyecto de investigaci\u00f3n se enmarca dentro de la iniciativa de investigaci\u00f3n internacional \u201cCreciendo en las ciudades 2020\u201d (Growing Up In Cities 2020) coordinado desde Australia y liderado por Dr. Beza y Dr. Kreutz de Deakin University, Australia.<\/p>\n\n<p>Sigue las l\u00edneas de investigaci\u00f3n, que apoyadas por UNESCO, lideraron el profesor del MIT Kevin Lynch (1977) en \u201cGrowing up in Cities\u201d (Creciendo en la ciudad) y la profesora de la Universidad de Colorado, Louise Chawla (2001) en \u201cGrowing up in an Urbanizing world\u201d (Creciendo en un mundo urbanizado).<\/p>\n\n<p>La presente investigaci\u00f3n aportar\u00e1 un cap\u00edtulo desde Santiago, a una publicaci\u00f3n en la que colaborar\u00e1n 17 pa\u00edses, lo que har\u00e1 de la iniciativa GUIC la investigaci\u00f3n m\u00e1s amplia a nivel mundial sobre la percepci\u00f3n que los j\u00f3venes tienen de su entorno en la vida urbana contempor\u00e1nea.<\/p>\n\t\t\t<\/div>\n\t\t<\/div>\n\t\t<div class=\"text-row__media\">\n\t\t\t<img loading=\"lazy\" decoding=\"async\" width=\"952\" height=\"534\" src=\"https:\/\/arquitectura.udd.cl\/cic\/files\/2023\/03\/girl-g1f1d78b57_1280-680x382.jpg\" class=\"text-row__media-image lazyload\" alt=\"\" sizes=\"auto, (max-width: 952px) 100vw, 952px\" data-src=\"https:\/\/arquitectura.udd.cl\/cic\/files\/2023\/03\/girl-g1f1d78b57_1280-952x534.jpg\" data-srcset=\"https:\/\/arquitectura.udd.cl\/cic\/files\/2023\/03\/girl-g1f1d78b57_1280-952x534.jpg 952w, https:\/\/arquitectura.udd.cl\/cic\/files\/2023\/03\/girl-g1f1d78b57_1280-680x382.jpg 680w\" \/>\t\t<\/div>\n\t<\/div>\n<\/section>\n\n\n\n<p><strong>Objetivo:<\/strong><\/p>\n\n\n\n<p>Comprender c\u00f3mo los j\u00f3venes utilizan y obtienen significado de sus ambientes cotidianos; para desarrollar una idea de c\u00f3mo el entorno urbano afecta sus vidas, a trav\u00e9s de la observaci\u00f3n y en base a las propias palabras de los j\u00f3venes; y aplicar este conocimiento en apoyo de un cambio significativo en el dise\u00f1o y gesti\u00f3n de lugares urbanos<\/p>\n\n\n\n<p><strong>Objetivos espec\u00edficos:<\/strong><\/p>\n\n\n<!-- WP Block: UDD - Cards Alternate -->\n<section class=\"wp-block-udd-cards\" style=\"--udd-blocks-has-columns-number: 4\">\n\t<div class=\"container\">\n\t\t\t\t\t\t\t\t\t<div class=\"block__content\">\n\t\t\t<div class=\"cards\">\n\t\t\t\t\t\t\t\t\t\t\t\t\t\t\t\t\t<div class=\"card-wrapper\">\n\t\t\t\t\t\t<div class=\"card\">\n\t\t\t\t\t\t\t<h3 class=\"card__title\">Objetivo 01<\/h3>\n\t\t\t\t\t\t\t\t\t\t\t\t\t\t<div class=\"card__description\">\n\t\t\t\t\t\t\t\t<p>Comparar el entendimiento de ni\u00f1os y adolescentes (entre 10 y 15 a\u00f1os) sobre el uso, el conocimiento, el valor percibido y las mejoras sugeridas de su entorno urbano.<\/p>\n\t\t\t\t\t\t\t<\/div>\n\t\t\t\t\t\t\t\t\t\t\t\t\t<\/div>\n\t\t\t\t\t<\/div>\n\t\t\t\t\t\t\t\t\t\t\t\t\t\t\t\t\t\t\t\t\t<div class=\"card-wrapper\">\n\t\t\t\t\t\t<div class=\"card\">\n\t\t\t\t\t\t\t<h3 class=\"card__title\">Objetivo 02<\/h3>\n\t\t\t\t\t\t\t\t\t\t\t\t\t\t<div class=\"card__description\">\n\t\t\t\t\t\t\t\t<p>Identificar y documentar (con los j\u00f3venes) los indicadores del entorno urbano que promueven el bienestar y la calidad de vida de ni\u00f1os y j\u00f3venes, tal como lo ven.<\/p>\n\t\t\t\t\t\t\t<\/div>\n\t\t\t\t\t\t\t\t\t\t\t\t\t<\/div>\n\t\t\t\t\t<\/div>\n\t\t\t\t\t\t\t\t\t\t\t\t\t\t\t\t\t\t\t\t\t<div class=\"card-wrapper\">\n\t\t\t\t\t\t<div class=\"card\">\n\t\t\t\t\t\t\t<h3 class=\"card__title\">Objetivo 03<\/h3>\n\t\t\t\t\t\t\t\t\t\t\t\t\t\t<div class=\"card__description\">\n\t\t\t\t\t\t\t\t<p>Evaluar y explorar m\u00e9todos de participaci\u00f3n contempor\u00e1neos que aboguen por empoderar a los j\u00f3venes a trav\u00e9s de una participaci\u00f3n significativa y, cuando sea posible, desarrollar iniciativas tecnol\u00f3gicas para la participaci\u00f3n de la comunidad local y entre sitios y la evaluaci\u00f3n de los sitios por parte de los adolescentes.<\/p>\n\t\t\t\t\t\t\t<\/div>\n\t\t\t\t\t\t\t\t\t\t\t\t\t<\/div>\n\t\t\t\t\t<\/div>\n\t\t\t\t\t\t\t\t\t\t\t\t\t\t\t\t\t\t\t\t\t<div class=\"card-wrapper\">\n\t\t\t\t\t\t<div class=\"card\">\n\t\t\t\t\t\t\t<h3 class=\"card__title\">Objetivo 04<\/h3>\n\t\t\t\t\t\t\t\t\t\t\t\t\t\t<div class=\"card__description\">\n\t\t\t\t\t\t\t\t<p>Examinar los sitios de estudio urbanos seleccionados y los hallazgos de los a\u00f1os 1970 y 1990\u00a0 y comparar las condiciones ambientales, el uso y el valor percibido de los j\u00f3venes de los espacios urbanos contempor\u00e1neos.<\/p>\n\t\t\t\t\t\t\t<\/div>\n\t\t\t\t\t\t\t\t\t\t\t\t\t<\/div>\n\t\t\t\t\t<\/div>\n\t\t\t\t\t\t\t\t\t\t<\/div>\n\t\t<\/div>\n\t<\/div>\n<\/section>\n\n\n<!-- WP Block: UDD - Access Cards -->\n<section\n\tid=\"udd-access-cards--1\"\n\tclass=\"wp-block-udd-access-cards\n\t\tis-style-default\"\n\t\tstyle=\"\n\t\t--udd-blocks-has-columns-number: 2\t\t\"\n\t>\n\t<div class=\"container\">\n\t\t\t\t\t<header class=\"header__innerblock block__header\">\n\t\t\t<h2 class=\"block__title\">Informaci\u00f3n relevante:<\/h2>\n\t\n\t\n\t<\/header>\n\t\t\t\t<div class=\"block__content\">\n\t\t\t<div\n\t\t\t\tclass=\"udd-access-cards\"\n\t\t\t\t\t\t\t>\n\t\t\t<div\n\tdata-index=\"1\"\n\tclass=\"udd-access-card-wrapper\"\n\t>\n\t<a href=\"https:\/\/blogs.deakin.edu.au\/ab\/2020\/02\/10\/growing-up-in-cities-2020\/\" class=\"access-card access-card--profile\" data-url=\"https:\/\/blogs.deakin.edu.au\/ab\/2020\/02\/10\/growing-up-in-cities-2020\/\">\n\t\t\t\t\t\t<h3\n\t\t\tdata-index=\"1\"\n\t\t\tclass=\"access-card__title\"\n\t\t>\n\t\t\tCrecer en las ciudades 2020\t\t<\/h3>\n\t\t\t\t<div class=\"access-card__link\">\n\t\t\t<span class=\"access-card__link-text\">Revisar m\u00e1s informaci\u00f3n<\/span>\n\t\t<\/div>\n\t<\/a>\n<\/div>\n<div\n\tdata-index=\"2\"\n\tclass=\"udd-access-card-wrapper\"\n\t>\n\t<a href=\"https:\/\/growingupincities.ucdavis.edu\/\" class=\"access-card access-card--profile\" data-url=\"https:\/\/growingupincities.ucdavis.edu\/\">\n\t\t\t\t\t\t<h3\n\t\t\tdata-index=\"2\"\n\t\t\tclass=\"access-card__title\"\n\t\t>\n\t\t\tCrecer en ciudades &#8211; EEUU\t\t<\/h3>\n\t\t\t\t<div class=\"access-card__link\">\n\t\t\t<span class=\"access-card__link-text\">Revisar m\u00e1s informaci\u00f3n<\/span>\n\t\t<\/div>\n\t<\/a>\n<\/div>\n\t\t\t<\/div>\n\t\t<\/div>\n\t<\/div>\n<\/section>\n\n\n\n<figure class=\"wp-block-image aligncenter size-large\"><img loading=\"lazy\" decoding=\"async\" width=\"1024\" height=\"769\" src=\"https:\/\/arquitectura.udd.cl\/cic\/files\/2023\/04\/image-1024x769.png\" alt=\"\" class=\"wp-image-1417\" srcset=\"https:\/\/arquitectura.udd.cl\/cic\/files\/2023\/04\/image-1024x769.png 1024w, https:\/\/arquitectura.udd.cl\/cic\/files\/2023\/04\/image-300x225.png 300w, https:\/\/arquitectura.udd.cl\/cic\/files\/2023\/04\/image-768x577.png 768w, https:\/\/arquitectura.udd.cl\/cic\/files\/2023\/04\/image.png 1027w\" sizes=\"auto, (max-width: 1024px) 100vw, 1024px\" \/><\/figure>\n\n\n\n<p><em>Investigadoras: Daniela Casanello y Valeria Flores<\/em>.<\/p>\n","protected":false},"excerpt":{"rendered":"<p>Objetivo: Comprender c\u00f3mo los j\u00f3venes utilizan y obtienen significado de sus ambientes cotidianos; para desarrollar una idea de c\u00f3mo el entorno urbano afecta sus vidas, a trav\u00e9s de la observaci\u00f3n y en base a las propias palabras de los j\u00f3venes; y aplicar este conocimiento en apoyo de un cambio significativo en el dise\u00f1o y gesti\u00f3n [&hellip;]<\/p>\n","protected":false},"author":9192204,"featured_media":0,"parent":0,"menu_order":0,"comment_status":"closed","ping_status":"closed","template":"","meta":{"footnotes":""},"class_list":["post-1406","page","type-page","status-publish","hentry"],"yoast_head":"<!-- This site is optimized with the Yoast SEO plugin v26.9 - https:\/\/yoast.com\/product\/yoast-seo-wordpress\/ -->\n<title>Growing up in Cities 2020 Chile - Centro de Innovaci\u00f3n en Ciudades UDD<\/title>\n<meta name=\"robots\" content=\"index, follow, max-snippet:-1, max-image-preview:large, max-video-preview:-1\" \/>\n<link rel=\"canonical\" href=\"https:\/\/arquitectura.udd.cl\/cic\/growing-up-in-cities-2020-chile\/\" \/>\n<meta property=\"og:locale\" content=\"es_ES\" \/>\n<meta property=\"og:type\" content=\"article\" \/>\n<meta property=\"og:title\" content=\"Growing up in Cities 2020 Chile - Centro de Innovaci\u00f3n en Ciudades UDD\" \/>\n<meta property=\"og:description\" content=\"Objetivo: Comprender c\u00f3mo los j\u00f3venes utilizan y obtienen significado de sus ambientes cotidianos; para desarrollar una idea de c\u00f3mo el entorno urbano afecta sus vidas, a trav\u00e9s de la observaci\u00f3n y en base a las propias palabras de los j\u00f3venes; y aplicar este conocimiento en apoyo de un cambio significativo en el dise\u00f1o y gesti\u00f3n [&hellip;]\" \/>\n<meta property=\"og:url\" content=\"https:\/\/arquitectura.udd.cl\/cic\/growing-up-in-cities-2020-chile\/\" \/>\n<meta property=\"og:site_name\" content=\"Centro de Innovaci\u00f3n en Ciudades UDD\" \/>\n<meta property=\"article:modified_time\" content=\"2023-04-05T16:58:16+00:00\" \/>\n<meta property=\"og:image\" content=\"https:\/\/arquitectura.udd.cl\/cic\/files\/2023\/03\/girl-g1f1d78b57_1280.jpg\" \/>\n<meta name=\"twitter:card\" content=\"summary_large_image\" \/>\n<meta name=\"twitter:label1\" content=\"Tiempo de lectura\" \/>\n\t<meta name=\"twitter:data1\" content=\"2 minutos\" \/>\n<script type=\"application\/ld+json\" class=\"yoast-schema-graph\">{\"@context\":\"https:\/\/schema.org\",\"@graph\":[{\"@type\":\"WebPage\",\"@id\":\"https:\/\/arquitectura.udd.cl\/cic\/growing-up-in-cities-2020-chile\/\",\"url\":\"https:\/\/arquitectura.udd.cl\/cic\/growing-up-in-cities-2020-chile\/\",\"name\":\"Growing up in Cities 2020 Chile - Centro de Innovaci\u00f3n en Ciudades UDD\",\"isPartOf\":{\"@id\":\"https:\/\/arquitectura.udd.cl\/cic\/#website\"},\"primaryImageOfPage\":{\"@id\":\"https:\/\/arquitectura.udd.cl\/cic\/growing-up-in-cities-2020-chile\/#primaryimage\"},\"image\":{\"@id\":\"https:\/\/arquitectura.udd.cl\/cic\/growing-up-in-cities-2020-chile\/#primaryimage\"},\"thumbnailUrl\":\"https:\/\/arquitectura.udd.cl\/cic\/files\/2023\/03\/girl-g1f1d78b57_1280.jpg\",\"datePublished\":\"2023-04-05T16:53:50+00:00\",\"dateModified\":\"2023-04-05T16:58:16+00:00\",\"breadcrumb\":{\"@id\":\"https:\/\/arquitectura.udd.cl\/cic\/growing-up-in-cities-2020-chile\/#breadcrumb\"},\"inLanguage\":\"es\",\"potentialAction\":[{\"@type\":\"ReadAction\",\"target\":[\"https:\/\/arquitectura.udd.cl\/cic\/growing-up-in-cities-2020-chile\/\"]}]},{\"@type\":\"ImageObject\",\"inLanguage\":\"es\",\"@id\":\"https:\/\/arquitectura.udd.cl\/cic\/growing-up-in-cities-2020-chile\/#primaryimage\",\"url\":\"https:\/\/arquitectura.udd.cl\/cic\/files\/2023\/03\/girl-g1f1d78b57_1280.jpg\",\"contentUrl\":\"https:\/\/arquitectura.udd.cl\/cic\/files\/2023\/03\/girl-g1f1d78b57_1280.jpg\",\"width\":1280,\"height\":853},{\"@type\":\"BreadcrumbList\",\"@id\":\"https:\/\/arquitectura.udd.cl\/cic\/growing-up-in-cities-2020-chile\/#breadcrumb\",\"itemListElement\":[{\"@type\":\"ListItem\",\"position\":1,\"name\":\"Portada\",\"item\":\"https:\/\/arquitectura.udd.cl\/cic\/\"},{\"@type\":\"ListItem\",\"position\":2,\"name\":\"Growing up in Cities 2020 Chile\"}]},{\"@type\":\"WebSite\",\"@id\":\"https:\/\/arquitectura.udd.cl\/cic\/#website\",\"url\":\"https:\/\/arquitectura.udd.cl\/cic\/\",\"name\":\"Centro de Innovaci\u00f3n en Ciudades UDD\",\"description\":\"\",\"inLanguage\":\"es\"}]}<\/script>\n<!-- \/ Yoast SEO plugin. -->","yoast_head_json":{"title":"Growing up in Cities 2020 Chile - Centro de Innovaci\u00f3n en Ciudades UDD","robots":{"index":"index","follow":"follow","max-snippet":"max-snippet:-1","max-image-preview":"max-image-preview:large","max-video-preview":"max-video-preview:-1"},"canonical":"https:\/\/arquitectura.udd.cl\/cic\/growing-up-in-cities-2020-chile\/","og_locale":"es_ES","og_type":"article","og_title":"Growing up in Cities 2020 Chile - Centro de Innovaci\u00f3n en Ciudades UDD","og_description":"Objetivo: Comprender c\u00f3mo los j\u00f3venes utilizan y obtienen significado de sus ambientes cotidianos; para desarrollar una idea de c\u00f3mo el entorno urbano afecta sus vidas, a trav\u00e9s de la observaci\u00f3n y en base a las propias palabras de los j\u00f3venes; y aplicar este conocimiento en apoyo de un cambio significativo en el dise\u00f1o y gesti\u00f3n [&hellip;]","og_url":"https:\/\/arquitectura.udd.cl\/cic\/growing-up-in-cities-2020-chile\/","og_site_name":"Centro de Innovaci\u00f3n en Ciudades UDD","article_modified_time":"2023-04-05T16:58:16+00:00","og_image":[{"url":"https:\/\/arquitectura.udd.cl\/cic\/files\/2023\/03\/girl-g1f1d78b57_1280.jpg","type":"","width":"","height":""}],"twitter_card":"summary_large_image","twitter_misc":{"Tiempo de lectura":"2 minutos"},"schema":{"@context":"https:\/\/schema.org","@graph":[{"@type":"WebPage","@id":"https:\/\/arquitectura.udd.cl\/cic\/growing-up-in-cities-2020-chile\/","url":"https:\/\/arquitectura.udd.cl\/cic\/growing-up-in-cities-2020-chile\/","name":"Growing up in Cities 2020 Chile - Centro de Innovaci\u00f3n en Ciudades UDD","isPartOf":{"@id":"https:\/\/arquitectura.udd.cl\/cic\/#website"},"primaryImageOfPage":{"@id":"https:\/\/arquitectura.udd.cl\/cic\/growing-up-in-cities-2020-chile\/#primaryimage"},"image":{"@id":"https:\/\/arquitectura.udd.cl\/cic\/growing-up-in-cities-2020-chile\/#primaryimage"},"thumbnailUrl":"https:\/\/arquitectura.udd.cl\/cic\/files\/2023\/03\/girl-g1f1d78b57_1280.jpg","datePublished":"2023-04-05T16:53:50+00:00","dateModified":"2023-04-05T16:58:16+00:00","breadcrumb":{"@id":"https:\/\/arquitectura.udd.cl\/cic\/growing-up-in-cities-2020-chile\/#breadcrumb"},"inLanguage":"es","potentialAction":[{"@type":"ReadAction","target":["https:\/\/arquitectura.udd.cl\/cic\/growing-up-in-cities-2020-chile\/"]}]},{"@type":"ImageObject","inLanguage":"es","@id":"https:\/\/arquitectura.udd.cl\/cic\/growing-up-in-cities-2020-chile\/#primaryimage","url":"https:\/\/arquitectura.udd.cl\/cic\/files\/2023\/03\/girl-g1f1d78b57_1280.jpg","contentUrl":"https:\/\/arquitectura.udd.cl\/cic\/files\/2023\/03\/girl-g1f1d78b57_1280.jpg","width":1280,"height":853},{"@type":"BreadcrumbList","@id":"https:\/\/arquitectura.udd.cl\/cic\/growing-up-in-cities-2020-chile\/#breadcrumb","itemListElement":[{"@type":"ListItem","position":1,"name":"Portada","item":"https:\/\/arquitectura.udd.cl\/cic\/"},{"@type":"ListItem","position":2,"name":"Growing up in Cities 2020 Chile"}]},{"@type":"WebSite","@id":"https:\/\/arquitectura.udd.cl\/cic\/#website","url":"https:\/\/arquitectura.udd.cl\/cic\/","name":"Centro de Innovaci\u00f3n en Ciudades UDD","description":"","inLanguage":"es"}]}},"_links":{"self":[{"href":"https:\/\/arquitectura.udd.cl\/cic\/wp-json\/wp\/v2\/pages\/1406","targetHints":{"allow":["GET"]}}],"collection":[{"href":"https:\/\/arquitectura.udd.cl\/cic\/wp-json\/wp\/v2\/pages"}],"about":[{"href":"https:\/\/arquitectura.udd.cl\/cic\/wp-json\/wp\/v2\/types\/page"}],"author":[{"embeddable":true,"href":"https:\/\/arquitectura.udd.cl\/cic\/wp-json\/wp\/v2\/users\/9192204"}],"replies":[{"embeddable":true,"href":"https:\/\/arquitectura.udd.cl\/cic\/wp-json\/wp\/v2\/comments?post=1406"}],"version-history":[{"count":10,"href":"https:\/\/arquitectura.udd.cl\/cic\/wp-json\/wp\/v2\/pages\/1406\/revisions"}],"predecessor-version":[{"id":1420,"href":"https:\/\/arquitectura.udd.cl\/cic\/wp-json\/wp\/v2\/pages\/1406\/revisions\/1420"}],"wp:attachment":[{"href":"https:\/\/arquitectura.udd.cl\/cic\/wp-json\/wp\/v2\/media?parent=1406"}],"curies":[{"name":"wp","href":"https:\/\/api.w.org\/{rel}","templated":true}]}}